{"version":"1.0","provider_name":"Landesverband der Wasser- und Bodenverb\u00e4nde","provider_url":"https:\/\/www.lwbv.de\/lwbv","author_name":"wigital-dg","author_url":"https:\/\/www.lwbv.de\/lwbv\/author\/wigital-dg\/","title":"Der Landesverband im Gespr\u00e4ch mit Minister Habeck - Landesverband der Wasser- und Bodenverb\u00e4nde","type":"rich","width":600,"height":338,"html":"<blockquote class=\"wp-embedded-content\" data-secret=\"FqulTXRqTk\"><a href=\"https:\/\/www.lwbv.de\/lwbv\/2012\/07\/18\/der_landesverband_im_gespraech_mit_minister_habeck\/\">Der Landesverband im Gespr\u00e4ch mit Minister Habeck<\/a><\/blockquote><iframe sandbox=\"allow-scripts\" security=\"restricted\" src=\"https:\/\/www.lwbv.de\/lwbv\/2012\/07\/18\/der_landesverband_im_gespraech_mit_minister_habeck\/embed\/#?secret=FqulTXRqTk\" width=\"600\" height=\"338\" title=\"&#8222;Der Landesverband im Gespr\u00e4ch mit Minister Habeck&#8220; &#8211; Landesverband der Wasser- und Bodenverb\u00e4nde\" data-secret=\"FqulTXRqTk\" frameborder=\"0\" marginwidth=\"0\" marginheight=\"0\" scrolling=\"no\" class=\"wp-embedded-content\"><\/iframe><script>\n\/*! This file is auto-generated *\/\n!function(d,l){\"use strict\";l.querySelector&&d.addEventListener&&\"undefined\"!=typeof URL&&(d.wp=d.wp||{},d.wp.receiveEmbedMessage||(d.wp.receiveEmbedMessage=function(e){var t=e.data;if((t||t.secret||t.message||t.value)&&!\/[^a-zA-Z0-9]\/.test(t.secret)){for(var s,r,n,a=l.querySelectorAll('iframe[data-secret=\"'+t.secret+'\"]'),o=l.querySelectorAll('blockquote[data-secret=\"'+t.secret+'\"]'),c=new RegExp(\"^https?:$\",\"i\"),i=0;i<o.length;i++)o[i].style.display=\"none\";for(i=0;i<a.length;i++)s=a[i],e.source===s.contentWindow&&(s.removeAttribute(\"style\"),\"height\"===t.message?(1e3<(r=parseInt(t.value,10))?r=1e3:~~r<200&&(r=200),s.height=r):\"link\"===t.message&&(r=new URL(s.getAttribute(\"src\")),n=new URL(t.value),c.test(n.protocol))&&n.host===r.host&&l.activeElement===s&&(d.top.location.href=t.value))}},d.addEventListener(\"message\",d.wp.receiveEmbedMessage,!1),l.addEventListener(\"DOMContentLoaded\",function(){for(var e,t,s=l.querySelectorAll(\"iframe.wp-embedded-content\"),r=0;r<s.length;r++)(t=(e=s[r]).getAttribute(\"data-secret\"))||(t=Math.random().toString(36).substring(2,12),e.src+=\"#?secret=\"+t,e.setAttribute(\"data-secret\",t)),e.contentWindow.postMessage({message:\"ready\",secret:t},\"*\")},!1)))}(window,document);\n<\/script>\n","description":"Der Landesverband im Gespr\u00e4ch mit Minister Habeck Diskutierten aktuelle Themen der Wasserwirtschaft: Gesch\u00e4ftsf\u00fchrer Mathias Rohde, Staatsekret\u00e4r Dr. Ulf K\u00e4mpfer, Minister Dr. Robert Habeck, Verbandsvorsteher Hans-Adolf Boie (von links) Auf Einladung des neuen Ministers f\u00fcr Energiewende, Landwirtschaft, Umwelt und l\u00e4ndliche R\u00e4ume Dr. Robert Habeck fand am 17. Juli ein erstes Gespr\u00e4ch mit Vertretern des Landesverbandes statt.&hellip;","thumbnail_url":"https:\/\/www.lwbv.de\/lwbv\/wp-content\/uploads\/2012\/07\/MinGsp170712-4.jpg"}