{"version":"1.0","provider_name":"Landesverband der Wasser- und Bodenverb\u00e4nde","provider_url":"https:\/\/www.lwbv.de\/lwbv","author_name":"wigital-dg","author_url":"https:\/\/www.lwbv.de\/lwbv\/author\/wigital-dg\/","title":"Datenschutztag 2017 - Landesverband der Wasser- und Bodenverb\u00e4nde","type":"rich","width":600,"height":338,"html":"<blockquote class=\"wp-embedded-content\" data-secret=\"4ZDFSboSnM\"><a href=\"https:\/\/www.lwbv.de\/lwbv\/2017\/10\/05\/datenschutztag-2017\/\">Datenschutztag 2017<\/a><\/blockquote><iframe sandbox=\"allow-scripts\" security=\"restricted\" src=\"https:\/\/www.lwbv.de\/lwbv\/2017\/10\/05\/datenschutztag-2017\/embed\/#?secret=4ZDFSboSnM\" width=\"600\" height=\"338\" title=\"&#8222;Datenschutztag 2017&#8220; &#8211; Landesverband der Wasser- und Bodenverb\u00e4nde\" data-secret=\"4ZDFSboSnM\" frameborder=\"0\" marginwidth=\"0\" marginheight=\"0\" scrolling=\"no\" class=\"wp-embedded-content\"><\/iframe><script>\n\/*! This file is auto-generated *\/\n!function(d,l){\"use strict\";l.querySelector&&d.addEventListener&&\"undefined\"!=typeof URL&&(d.wp=d.wp||{},d.wp.receiveEmbedMessage||(d.wp.receiveEmbedMessage=function(e){var t=e.data;if((t||t.secret||t.message||t.value)&&!\/[^a-zA-Z0-9]\/.test(t.secret)){for(var s,r,n,a=l.querySelectorAll('iframe[data-secret=\"'+t.secret+'\"]'),o=l.querySelectorAll('blockquote[data-secret=\"'+t.secret+'\"]'),c=new RegExp(\"^https?:$\",\"i\"),i=0;i<o.length;i++)o[i].style.display=\"none\";for(i=0;i<a.length;i++)s=a[i],e.source===s.contentWindow&&(s.removeAttribute(\"style\"),\"height\"===t.message?(1e3<(r=parseInt(t.value,10))?r=1e3:~~r<200&&(r=200),s.height=r):\"link\"===t.message&&(r=new URL(s.getAttribute(\"src\")),n=new URL(t.value),c.test(n.protocol))&&n.host===r.host&&l.activeElement===s&&(d.top.location.href=t.value))}},d.addEventListener(\"message\",d.wp.receiveEmbedMessage,!1),l.addEventListener(\"DOMContentLoaded\",function(){for(var e,t,s=l.querySelectorAll(\"iframe.wp-embedded-content\"),r=0;r<s.length;r++)(t=(e=s[r]).getAttribute(\"data-secret\"))||(t=Math.random().toString(36).substring(2,12),e.src+=\"#?secret=\"+t,e.setAttribute(\"data-secret\",t)),e.contentWindow.postMessage({message:\"ready\",secret:t},\"*\")},!1)))}(window,document);\n<\/script>\n","description":"Datenschutztag 2017 Das Thema \u201eDatenschutz\u201c ist in den Wasser- und Bodenverb\u00e4nden allein dadurch allgegenw\u00e4rtig, dass jede unserer Verbandssatzungen entsprechende Regelungen zu datenschutzrechtlichen Befugnissen und Verpflichtungen enth\u00e4lt. Dabei ist festzustellen, dass die Sensibilit\u00e4t im Umgang mit Daten bei Verb\u00e4nden, aber insbesondere auch bei deren Mitgliedern stetig gewachsen ist. Datenschutz ist ein gesellschaftspolitisches Anliegen geworden, dem es&hellip;"}