{"version":"1.0","provider_name":"Landesverband der Wasser- und Bodenverb\u00e4nde","provider_url":"https:\/\/www.lwbv.de\/lwbv","author_name":"Mathias Rohde","author_url":"https:\/\/www.lwbv.de\/lwbv\/author\/m-rohde\/","title":"Beleuchtung des K\u00fcstenkraftwerkes vom 17.-23.03.2025 - Landesverband der Wasser- und Bodenverb\u00e4nde","type":"rich","width":600,"height":338,"html":"<blockquote class=\"wp-embedded-content\" data-secret=\"MUFgoJaZAg\"><a href=\"https:\/\/www.lwbv.de\/lwbv\/2025\/03\/21\/beleuchtung-des-kuestenkraftwerkes-vom-17-23-03-2025\/\">Beleuchtung des K\u00fcstenkraftwerkes vom 17.-23.03.2025<\/a><\/blockquote><iframe sandbox=\"allow-scripts\" security=\"restricted\" src=\"https:\/\/www.lwbv.de\/lwbv\/2025\/03\/21\/beleuchtung-des-kuestenkraftwerkes-vom-17-23-03-2025\/embed\/#?secret=MUFgoJaZAg\" width=\"600\" height=\"338\" title=\"&#8222;Beleuchtung des K\u00fcstenkraftwerkes vom 17.-23.03.2025&#8220; &#8211; Landesverband der Wasser- und Bodenverb\u00e4nde\" data-secret=\"MUFgoJaZAg\" frameborder=\"0\" marginwidth=\"0\" marginheight=\"0\" scrolling=\"no\" class=\"wp-embedded-content\"><\/iframe><script>\n\/*! This file is auto-generated *\/\n!function(d,l){\"use strict\";l.querySelector&&d.addEventListener&&\"undefined\"!=typeof URL&&(d.wp=d.wp||{},d.wp.receiveEmbedMessage||(d.wp.receiveEmbedMessage=function(e){var t=e.data;if((t||t.secret||t.message||t.value)&&!\/[^a-zA-Z0-9]\/.test(t.secret)){for(var s,r,n,a=l.querySelectorAll('iframe[data-secret=\"'+t.secret+'\"]'),o=l.querySelectorAll('blockquote[data-secret=\"'+t.secret+'\"]'),c=new RegExp(\"^https?:$\",\"i\"),i=0;i<o.length;i++)o[i].style.display=\"none\";for(i=0;i<a.length;i++)s=a[i],e.source===s.contentWindow&&(s.removeAttribute(\"style\"),\"height\"===t.message?(1e3<(r=parseInt(t.value,10))?r=1e3:~~r<200&&(r=200),s.height=r):\"link\"===t.message&&(r=new URL(s.getAttribute(\"src\")),n=new URL(t.value),c.test(n.protocol))&&n.host===r.host&&l.activeElement===s&&(d.top.location.href=t.value))}},d.addEventListener(\"message\",d.wp.receiveEmbedMessage,!1),l.addEventListener(\"DOMContentLoaded\",function(){for(var e,t,s=l.querySelectorAll(\"iframe.wp-embedded-content\"),r=0;r<s.length;r++)(t=(e=s[r]).getAttribute(\"data-secret\"))||(t=Math.random().toString(36).substring(2,12),e.src+=\"#?secret=\"+t,e.setAttribute(\"data-secret\",t)),e.contentWindow.postMessage({message:\"ready\",secret:t},\"*\")},!1)))}(window,document);\n<\/script>\n","description":"Unter dem Slogan \u201eSchleswig-Holstein macht sich wasserstark\u201c informiert die Landesregierung seit April 2023 \u00fcber Wassergefahren, M\u00f6glichkeiten der Vorsorge und das richtige Verhalten im Ernstfall. Anl\u00e4sslich des Weltwassertags am Samstag (22. M\u00e4rz) wird das Kieler K\u00fcstenkraftwerk in dieser Woche mit verschiedenen Elementen der \u201ewasserstark.sh\u201c Kampagne beleuchtet. Die Beleuchtung findet in den Abendstunden statt und soll auf&hellip;","thumbnail_url":"https:\/\/www.lwbv.de\/lwbv\/wp-content\/uploads\/2025\/03\/MEKUN-Wasserstark-Promotion-3-682x1024.jpg"}