{"id":21,"date":"2022-02-02T10:00:45","date_gmt":"2022-02-02T09:00:45","guid":{"rendered":"http:\/\/lwbv.de.lot\/?page_id=21"},"modified":"2026-02-06T09:45:18","modified_gmt":"2026-02-06T08:45:18","slug":"verbands-info","status":"publish","type":"page","link":"https:\/\/www.lwbv.de\/lwbv\/info\/verbands-info\/","title":{"rendered":"Verbands-Info"},"content":{"rendered":"<div class=\"wpb-content-wrapper\"><p>[vc_row][vc_column][vc_column_text]<\/p>\n<h1>Verbands-Info<\/h1>\n<p>[\/vc_column_text][\/vc_column][\/vc_row][vc_row][vc_column][vc_accordion active_tab=&#8220;1&#8243; collapsible=&#8220;yes&#8220; style=&#8220;2&#8243;][vc_accordion_tab title=&#8220;Nummer 100 vom 05.02.2026&#8243;]<div class=\" ubtn-ctn-left \"><a class=\"ubtn-link ult-adjust-bottom-margin ubtn-left ubtn-normal \" href=\"https:\/\/www.lwbv.de\/lwbv\/wp-content\/uploads\/2026\/02\/Info100_gesamt.pdf\" target=\"_blank\" rel=\"noopener\" ><button type=\"button\" id=\"ubtn-4489\"  class=\"ubtn ult-adjust-bottom-margin ult-responsive ubtn-normal ubtn-no-hover-bg  none  ubtn-sep-icon ubtn-sep-icon-at-left  ubtn-left   tooltip-69f48516c43de\"  data-hover=\"#242f49\" data-border-color=\"\" data-bg=\"#ffffff\" data-hover-bg=\"\" data-border-hover=\"\" data-shadow-hover=\"\" data-shadow-click=\"none\" data-shadow=\"\" data-shd-shadow=\"\"  data-ultimate-target='#ubtn-4489'  data-responsive-json-new='{\"font-size\":\"desktop:16px;\",\"line-height\":\"\"}'  style=\"font-weight:normal;border:none;background: #ffffff;color: #1368af;\"><span class=\"ubtn-data ubtn-icon\"><i class=\"Defaults-file-pdf-o\" style=\"font-size:25px;color:#dd3333;\"><\/i><\/span><span class=\"ubtn-hover\" style=\"background-color:\"><\/span><span class=\"ubtn-data ubtn-text \" >Info Nummer 100<\/span><\/button><\/a><\/div>[vc_column_text]<\/p>\n<h2>Inhalt<\/h2>\n<p>[\/vc_column_text][vc_row_inner][vc_column_inner width=&#8220;1\/2&#8243;][vc_column_text css=&#8220;&#8220;]Vorwort der Gesch\u00e4ftsf\u00fchrung<\/p>\n<ol>\n<li>Gru\u00dfwort des Verbandsvorstehers Hans-Heinrich Gloy<\/li>\n<li>Erste Sitzung des neuen Verbandsausschusses<\/li>\n<li>Vorstandswahl des Landesverbandes<\/li>\n<li>Satzungs\u00e4nderung<\/li>\n<li>Erlass \u00fcber den Vollzug naturschutzrechtlicher Anforderungen an die Gew\u00e4sserunterhaltung<\/li>\n<li>EU-Verordnung zur Wiederherstellung der Natur<\/li>\n<li>Niederungskompetenznetzwerk \u201eNieKo\u201c<\/li>\n<li>Digitales Wassermanagement \/ Modernisierungskonzept<\/li>\n<li>Branchenbild 2025 ver\u00f6ffentlicht<\/li>\n<li>Schulungen f\u00fcr Verbandsvorsteher 2026<\/li>\n<li>\u00c4nderung der Entsch\u00e4digungsverordnung<\/li>\n<li>Erh\u00f6hung des Mindestlohns 2025<\/li>\n<li>Sachbezugswerte f\u00fcr freie Unterkunft und Verpflegung 2026<\/li>\n<li>Finanzanlagem\u00f6glichkeiten der Wasser- und Bodenverb\u00e4nde<\/li>\n<li>Stromsteuerentlastung 2026<\/li>\n<li>Einkommensteuer \u2013 Teilnahme am \u201eGesundheitstraining\u201c ist steuerpflichtiger Arbeitslohn<\/li>\n<li>Beschluss des Steuer\u00e4nderungsgesetzes 2025 (BMF)<\/li>\n<li>Bedeutung einer Geb\u00fchrenkalkulation f\u00fcr eine Geb\u00fchrensatzung<\/li>\n<li>Vergaberecht: Abwasserbeseitigung und Abwasserbehandlung k\u00f6nnten zu-k\u00fcnftig als Sektorent\u00e4tigkeit gelten<\/li>\n<li>Richtlinie zur F\u00f6rderung zum Ausbau kommunaler Kl\u00e4ranlagen<\/li>\n<\/ol>\n<p>[\/vc_column_text][\/vc_column_inner][vc_column_inner width=&#8220;1\/2&#8243;][vc_column_text css=&#8220;&#8220;]21. Bereitstellung der Kanalisation begr\u00fcndet \u00f6ffentlich-rechtliches Benutzungsverh\u00e4ltnis<br \/>\n22. Unterhaltung von Anschlussleitungen Aufgabe der Anschlussnehmer<br \/>\n23. Leitung der \u00f6ffentlichen Wasserversorgung ist vom Versorger zu unterhalten<br \/>\n24. Ungeeichter Wasserz\u00e4hler kann nicht zur Verbrauchssch\u00e4tzung herangezogen werden<br \/>\n25. Vergabebeschleunigungsgesetz \u2013 Ausblick<br \/>\n26.Allgemeine Hinweise zur Vergabe von \u00f6ffentlichen Auftr\u00e4gen<br \/>\n27. \u201eDigitale Baugenehmigung\u201c \u2013 Digitale Beteiligung von Tr\u00e4gern \u00f6ffentlicher Belange\u00a0 \u00a0 \u00a0 \u00a0 \u00a0 \u00a0 \u00a0 (T\u00d6B)<br \/>\n28. Wiedereinf\u00fchrung der degressiven AfA<br \/>\n29. Update zur Einf\u00fchrung der E-Rechnung<br \/>\n30. Neue IT-Sicherheitspflichten durch das NIS2-Umsetzungsgesetz<br \/>\n31. Bundesregierung startet digitales B\u00fcrokratiemeldeportal<br \/>\n32. BMF-Schreiben zum steuerfreien Aufladen eines Elektro- oder Hybridelektrofahrzeugs\u00a0 \u00a0 \u00a0 \u00a0 im Betrieb<br \/>\n33. Personalien<br \/>\na. Neue Mitarbeiterin: Oksana Weber<br \/>\nb. Nachwuchs beim Landesverband; Frau Riecke in Elternzeit<\/p>\n<p><strong>Anlagen:<\/strong><\/p>\n<ol>\n<li>Verbands-Information Nr. 1<\/li>\n<li>Niederungskompetenznetzwerk \u201eNieKo\u201c<\/li>\n<li>Information des Wasser- und Bodenverbandes Ostholstein<\/li>\n<\/ol>\n<p>[\/vc_column_text][\/vc_column_inner][\/vc_row_inner][\/vc_accordion_tab][vc_accordion_tab title=&#8220;Nummer 99 vom 07.02.2025&#8243;]<div class=\" ubtn-ctn-left \"><a class=\"ubtn-link ult-adjust-bottom-margin ubtn-left ubtn-normal \" href=\"https:\/\/www.lwbv.de\/lwbv\/wp-content\/uploads\/2025\/02\/1-Info-Nr.-99.pdf\" target=\"_blank\" rel=\"noopener\" ><button type=\"button\" id=\"ubtn-1586\"  class=\"ubtn ult-adjust-bottom-margin ult-responsive ubtn-normal ubtn-no-hover-bg  none  ubtn-sep-icon ubtn-sep-icon-at-left  ubtn-left   tooltip-69f48516c4524\"  data-hover=\"#242f49\" data-border-color=\"\" data-bg=\"#ffffff\" data-hover-bg=\"\" data-border-hover=\"\" data-shadow-hover=\"\" data-shadow-click=\"none\" data-shadow=\"\" data-shd-shadow=\"\"  data-ultimate-target='#ubtn-1586'  data-responsive-json-new='{\"font-size\":\"desktop:16px;\",\"line-height\":\"\"}'  style=\"font-weight:normal;border:none;background: #ffffff;color: #1368af;\"><span class=\"ubtn-data ubtn-icon\"><i class=\"Defaults-file-pdf-o\" style=\"font-size:25px;color:#dd3333;\"><\/i><\/span><span class=\"ubtn-hover\" style=\"background-color:\"><\/span><span class=\"ubtn-data ubtn-text \" >Info Nummer 99<\/span><\/button><\/a><\/div>[vc_column_text]<\/p>\n<h2>Inhalt<\/h2>\n<p>[\/vc_column_text][vc_row_inner][vc_column_inner width=&#8220;1\/2&#8243;][vc_column_text css=&#8220;&#8220;]<\/p>\n<ol>\n<li>Gru\u00dfwort des Verbandsvorstehers<\/li>\n<li>Verabschiedung von Herrn Dr. Oelerich<\/li>\n<li>Regionalversammlungen 2024\/2025<\/li>\n<li>\u00c4nderung des Landeswassergesetzes<\/li>\n<li>\u00c4nderungen des Landeswasserverbandsgesetzes<\/li>\n<li>\u00c4nderung des Wasserabgabengesetzes<\/li>\n<li>Neufassung der Verwaltungsvorschrift zur Gew\u00e4hrung des Landeszuschusses f\u00fcr die F\u00f6rderung der Unterhaltung nach \u00a7 38 und \u00a7 61 des Landeswassergesetzes (LWG)<\/li>\n<li>Landesstrategie f\u00fcr die Zukunft der Niederungen ver\u00f6ffentlicht<\/li>\n<li>Naturschutzverb\u00e4nde treten der \u201eAllianz f\u00fcr Gew\u00e4sserschutz\u201c bei<\/li>\n<li>Beendigung der \u00dcbergangsregelung zur Fl\u00e4chensicherung<\/li>\n<li>Eintragung in Mitgliederverzeichnis als Indiz f\u00fcr Mitgliedschaft in einem Wasser- und Bodenverband<\/li>\n<li>Zugangsfiktion von Verwaltungsakten auf 4 Tage erh\u00f6ht<\/li>\n<li>DWA ver\u00f6ffentlicht Merkblatt \u201eMethoden und \u00f6kologische Auswirkungen der maschinellen Gew\u00e4sserunterhaltung\u201c<\/li>\n<li>Aufwendungen f\u00fcr die Unterhaltung von Sandf\u00e4ngen (SF)<\/li>\n<li>Pressemitteilung: Nutria m\u00fcssen im Interesse der Wasserwirtschaft konsequent bejagt werden<\/li>\n<li>Handlungsm\u00f6glichkeiten der Wasserversorger bei einsetzender Wasserknappheit<\/li>\n<\/ol>\n<p>[\/vc_column_text][\/vc_column_inner][vc_column_inner width=&#8220;1\/2&#8243;][vc_column_text css=&#8220;&#8220;]17. Erneute Verl\u00e4ngerung der \u00dcbergangsfrist von \u00a72 b Umsatzsteuergesetz<br \/>\n18. Einf\u00fchrung der E-Rechnung seit dem 01.01.2025<br \/>\n19. Digitalisierung der Buchhaltung<br \/>\n20. Steuerliche \u00c4nderungen seit 01.01.2025<br \/>\n21.Vergaberechtlicher Mindestlohn<br \/>\n22. Einmalzahlungen bei geringf\u00fcgigen Besch\u00e4ftigungen<br \/>\n23. Verk\u00fcrzung der Aufbewahrungsfristen<br \/>\n24. Pauschalierung der Einkommensteuer bei Sachzuwendungen: \u00a7 37b EStG<br \/>\n25. Sachbezugswerte f\u00fcr freie Unterkunft und Verpflegung 2025<br \/>\n26. Degressive AfA bei beweglichen Wirtschaftsg\u00fctern<br \/>\n27. Vergaberecht: Kalkulationsfehler stellen keine fehlende Preisangabe oder zwingenden Ausschlussgrund dar<br \/>\n28. Allgemeine Hinweise zur Vergabe von \u00f6ffentlichen Auftr\u00e4gen<br \/>\na. Aktuelle Wertgrenzen bei Auftragsvergaben<br \/>\nb. Wettbewerbsregister<br \/>\nc. \u201eE-Vergabe\u201c- Vergabe von Lieferungs- und Dienstleistungsauftr\u00e4gen so-wie Bauleistungsauftr\u00e4gen mittels elektronischer Daten\u00fcbermittlung<br \/>\n29. Wer muss und wer darf das Wettbewerbsregister abfragen?<br \/>\n30. Personalangelegenheiten<br \/>\n31. Veranstaltungshinweise[\/vc_column_text][\/vc_column_inner][\/vc_row_inner][\/vc_accordion_tab][vc_accordion_tab title=&#8220;Nummer 98 vom 21.02.2024&#8243;]<div class=\" ubtn-ctn-left \"><a class=\"ubtn-link ult-adjust-bottom-margin ubtn-left ubtn-normal \" href=\"https:\/\/www.lwbv.de\/lwbv\/wp-content\/uploads\/2024\/06\/Info-Nr.-98-ohne-Anlagen-1.pdf\" target=\"_blank\" rel=\"noopener\" ><button type=\"button\" id=\"ubtn-4978\"  class=\"ubtn ult-adjust-bottom-margin ult-responsive ubtn-normal ubtn-no-hover-bg  none  ubtn-sep-icon ubtn-sep-icon-at-left  ubtn-left   tooltip-69f48516c45db\"  data-hover=\"#242f49\" data-border-color=\"\" data-bg=\"#ffffff\" data-hover-bg=\"\" data-border-hover=\"\" data-shadow-hover=\"\" data-shadow-click=\"none\" data-shadow=\"\" data-shd-shadow=\"\"  data-ultimate-target='#ubtn-4978'  data-responsive-json-new='{\"font-size\":\"desktop:16px;\",\"line-height\":\"\"}'  style=\"font-weight:normal;border:none;background: #ffffff;color: #1368af;\"><span class=\"ubtn-data ubtn-icon\"><i class=\"Defaults-file-pdf-o\" style=\"font-size:25px;color:#dd3333;\"><\/i><\/span><span class=\"ubtn-hover\" style=\"background-color:\"><\/span><span class=\"ubtn-data ubtn-text \" >Info Nummer 98<\/span><\/button><\/a><\/div>[vc_column_text]<\/p>\n<h2>Inhalt<\/h2>\n<p>[\/vc_column_text][vc_row_inner][vc_column_inner width=&#8220;1\/2&#8243;][vc_column_text css=&#8220;&#8220;]<\/p>\n<ol>\n<li>Zielvereinbarung 2024 ff.<\/li>\n<li>Ostseesturmflut<\/li>\n<li>Stefan Seidler zu Besuch beim Landesverband<\/li>\n<li>Bereitstellung von Geobasisdaten<\/li>\n<li>Umgang mit Sandf\u00e4ngen<\/li>\n<li>Allianz f\u00fcr den Gew\u00e4sserschutz<\/li>\n<li>Klimareport Schleswig-Holstein<\/li>\n<li>Wasserstark SH<\/li>\n<li>Fachkundenachweis Schonende Gew\u00e4sserunterhaltung<\/li>\n<li>Nationalpark Ostsee<\/li>\n<li>Energie- und Stromsteuer: Spitzenausgleich verl\u00e4ngert, Anforderungen erh\u00f6ht<\/li>\n<li>Risikomanagement der Trinkwasserversorgung<\/li>\n<li>Trinkwasserversorgung bei einem Blackout<\/li>\n<li>Umsatzsteuerliche Behandlung von Baukostenzusch\u00fcssen und Wasseranschlussbeitr\u00e4gen bei Wasserversorgungsunternehmen<\/li>\n<li>Abwassergeb\u00fchrenrecht: Unzul\u00e4ssige Deckung von Betriebskosten der Stra\u00dfenentw\u00e4sserung durch die Niederschlagswassergeb\u00fchren<\/li>\n<li>Verbandliches Rechnungswesen<\/li>\n<li>Allgemeine Hinweise zur Vergabe von \u00f6ffentlichen Auftr\u00e4gen<\/li>\n<li>F\u00f6rdermittelr\u00fcckforderung wegen Versto\u00df gegen vergaberechtliches Vorgehen<\/li>\n<li>Thermische Verwertung von Kl\u00e4rschlamm auf H\u00f6chststand<\/li>\n<li>Bilanzierung der Abbruchkosten f\u00fcr ein Geb\u00e4ude<\/li>\n<\/ol>\n<p>[\/vc_column_text][\/vc_column_inner][vc_column_inner width=&#8220;1\/2&#8243;][vc_column_text css=&#8220;&#8220;][\/vc_column_text][\/vc_column_inner][\/vc_row_inner][\/vc_accordion_tab][vc_accordion_tab title=&#8220;Nummer 97 vom 06.02.2023&#8243;]<div class=\" ubtn-ctn-left \"><a class=\"ubtn-link ult-adjust-bottom-margin ubtn-left ubtn-normal \" href=\"https:\/\/www.lwbv.de\/lwbv\/wp-content\/uploads\/2023\/02\/Info-Nr.-97.pdf\" target=\"_blank\" rel=\"noopener\" ><button type=\"button\" id=\"ubtn-2229\"  class=\"ubtn ult-adjust-bottom-margin ult-responsive ubtn-normal ubtn-no-hover-bg  none  ubtn-sep-icon ubtn-sep-icon-at-left  ubtn-left   tooltip-69f48516c467c\"  data-hover=\"#242f49\" data-border-color=\"\" data-bg=\"#ffffff\" data-hover-bg=\"\" data-border-hover=\"\" data-shadow-hover=\"\" data-shadow-click=\"none\" data-shadow=\"\" data-shd-shadow=\"\"  data-ultimate-target='#ubtn-2229'  data-responsive-json-new='{\"font-size\":\"desktop:16px;\",\"line-height\":\"\"}'  style=\"font-weight:normal;border:none;background: #ffffff;color: #1368af;\"><span class=\"ubtn-data ubtn-icon\"><i class=\"Defaults-file-pdf-o\" style=\"font-size:25px;color:#dd3333;\"><\/i><\/span><span class=\"ubtn-hover\" style=\"background-color:\"><\/span><span class=\"ubtn-data ubtn-text \" >Info Nummer 97<\/span><\/button><\/a><\/div>[vc_column_text]<\/p>\n<h2>Inhalt<\/h2>\n<p>[\/vc_column_text][vc_row_inner][vc_column_inner width=&#8220;1\/2&#8243;][vc_column_text]<\/p>\n<div class=\"p\">\n<ol>\n<li>Gru\u00dfwort des Verbandsvorstehers<\/li>\n<li>Umweltminister Goldschmidt beim Landesverband<\/li>\n<li>Aus MELUND wird MEKUN und MLLEV<\/li>\n<li>Aus LLUR wird LfU und LLnL<\/li>\n<li>Zielvereinbarung 2023 liegt noch auf Eis<\/li>\n<li>Strategie f\u00fcr die Zukunft der Niederungen 2100<\/li>\n<li>D\u00fcrre, Starkregen, Hochwasser: Wie teuer ist der Klimawandel<\/li>\n<li>Allianz f\u00fcr den Gew\u00e4sserschutz \/ F\u00f6rderung von Gew\u00e4sserrandstreifen<\/li>\n<li>Neuregelung der Abst\u00e4nde zu Gew\u00e4ssern<\/li>\n<li>Generalplan K\u00fcstenschutz<\/li>\n<li>Bereitstellung von Geobasisdaten<\/li>\n<li>Umgang mit Sandf\u00e4ngen<\/li>\n<li>Nachtr\u00e4gliche Preisanpassungen aufgrund von Kostensteigerung<\/li>\n<li>Kl\u00e4rschlammverbrennung in Schleswig-Holstein<\/li>\n<li>2 UStG: Optionsregelung wurde verl\u00e4ngert<\/li>\n<li>Zitiergebot in Satzungen<\/li>\n<li>\u00c4nderung des Kommunalabgabegesetzes<\/li>\n<\/ol>\n<\/div>\n<p>[\/vc_column_text][\/vc_column_inner][vc_column_inner width=&#8220;1\/2&#8243;][vc_column_text]18. Wesentlichkeitsgrenze bei Rechnungsabgrenzungsposten<br \/>\n19. Degressive Abschreibung f\u00fcr bewegliche Anlageg\u00fcter<br \/>\n20. Allgemeine Hinweise zur Vergabe von \u00f6ffentlichen Auftr\u00e4gen<br \/>\n21. Wettbewerbsregister<br \/>\n22. Bundesweite Vergabestatistik \/ Vergabestatistikverordnung<br \/>\n23. Gesplittete Abwassergeb\u00fchr<br \/>\n24. Dichtheitspr\u00fcfung h\u00e4uslicher Abwasseranlagen<br \/>\n25. Regenwasserbeseitigung<br \/>\n26. Kein lohnsteuerlicher Pauschalsteuersatz f\u00fcr Vorstands-Weihnachtsfeier<br \/>\n27. Deckelung des geldwerten Vorteils bei Firmenwagengestellung<br \/>\n28. Treibhausgasminderungsquote, Behandlung der THG-Pr\u00e4mie bei Firmenwagenstellung<br \/>\n29. Neuerungen in der Sozialversicherung ab Oktober 2022<br \/>\n30. Lohnsteuer, neue Regelung f\u00fcr Lohnsteuerbescheinigungen des Jahres 2023<br \/>\n31. \u00c4nderungen im Nachweisgesetz<br \/>\n32. Zehn Jahre beim Landesverband<br \/>\n33. Neuer Pr\u00fcfer beim Landesverband[\/vc_column_text][\/vc_column_inner][\/vc_row_inner][\/vc_accordion_tab][vc_accordion_tab title=&#8220;Nummer 96 vom 01.02.2022&#8243;]<div class=\" ubtn-ctn-left \"><a class=\"ubtn-link ult-adjust-bottom-margin ubtn-left ubtn-normal \" href=\"https:\/\/www.lwbv.de\/lwbv\/wp-content\/uploads\/2022\/02\/Info-Nr.-96_2022_02_01_ohne-TOP23-1.pdf\" target=\"_blank\" rel=\"noopener\" ><button type=\"button\" id=\"ubtn-4527\"  class=\"ubtn ult-adjust-bottom-margin ult-responsive ubtn-normal ubtn-no-hover-bg  none  ubtn-sep-icon ubtn-sep-icon-at-left  ubtn-left   tooltip-69f48516c4718\"  data-hover=\"#242f49\" data-border-color=\"\" data-bg=\"#ffffff\" data-hover-bg=\"\" data-border-hover=\"\" data-shadow-hover=\"\" data-shadow-click=\"none\" data-shadow=\"\" data-shd-shadow=\"\"  data-ultimate-target='#ubtn-4527'  data-responsive-json-new='{\"font-size\":\"desktop:16px;\",\"line-height\":\"\"}'  style=\"font-weight:normal;border:none;background: #ffffff;color: #1368af;\"><span class=\"ubtn-data ubtn-icon\"><i class=\"Defaults-file-pdf-o\" style=\"font-size:25px;color:#dd3333;\"><\/i><\/span><span class=\"ubtn-hover\" style=\"background-color:\"><\/span><span class=\"ubtn-data ubtn-text \" >Info Nummer 96<\/span><\/button><\/a><\/div>[vc_column_text]<\/p>\n<h2>Inhalt<\/h2>\n<p>[\/vc_column_text][vc_row_inner][vc_column_inner width=&#8220;1\/2&#8243;][vc_column_text]<\/p>\n<div class=\"p\">\n<ol>\n<li>Gru\u00dfwort des Verbandsvorstehers<\/li>\n<li>Vorstand des Landesverbandes einstimmig wiedergew\u00e4hlt<\/li>\n<li>Die neuen Mitglieder im Verbandsausschuss stellen sich vor<\/li>\n<li>Ausschusssitzung erneut verschoben<\/li>\n<li>Zielvereinbarung \/ Digitales Unterhaltungsverzeichnis (DUV)<\/li>\n<li>K\u00fcnftiger Umgang mit der Bereitstellung von Flurst\u00fccks- und Eigent\u00fcmer-Daten<\/li>\n<li>\u201eTrauerseeschwalbe auf Eiderstedt\u201c: Bundesverwaltungsgericht hebt Urteil des OVG Schleswig auf<\/li>\n<li>Allianz f\u00fcr den Gew\u00e4sserschutz \u2013 Gew\u00e4sserrandstreifen<\/li>\n<li>Umgang mit Sandf\u00e4ngen<\/li>\n<li>Schleswig-Holsteiner Landtag diskutiert Eckpunkte der Niederungsstrategie<\/li>\n<li>Umsatzsteuerpflicht f\u00fcr WBV (hier: Unterhaltungsverb\u00e4nde)<\/li>\n<li>Vergaberecht\n<ul>\n<li>Erhebliche Kosten\u00fcberschreibung als schwerwiegender Aufhebungsgrund<\/li>\n<li>Eine rechtswidrige Verfahrensaufhebung kann zu Schadensersatz f\u00fchren<\/li>\n<li>Ausschluss vom Vergabeverfahren wegen Schlechterf\u00fcllung<\/li>\n<\/ul>\n<\/li>\n<\/ol>\n<ol>\n<li style=\"list-style-type: none;\"><\/li>\n<\/ol>\n<p>&nbsp;<\/p>\n<p>&nbsp;<\/p>\n<\/div>\n<p>[\/vc_column_text][\/vc_column_inner][vc_column_inner width=&#8220;1\/2&#8243;][vc_column_text]<\/p>\n<ol start=\"13\">\n<li>Allgemeine Hinweise zur Vergabe von \u00f6ffentlichen Auftr\u00e4gen\n<ul>\n<li>Einf\u00fchrung des bundesweiten elektronischen Wettbewerbsregisters<\/li>\n<li>Vergabestatistik<\/li>\n<li>\u201eE-Vergabe\u201c<\/li>\n<\/ul>\n<\/li>\n<\/ol>\n<ol start=\"14\">\n<li>Gew\u00e4sser als Teil einer Abwassereinrichtung?<\/li>\n<li>Verkauf und R\u00fcck\u00fcberlassung eines Handys an den Arbeitnehmer<\/li>\n<li>Anhebung des Freibetrages f\u00fcr die Aufwandsentsch\u00e4digungen aus \u00f6ffentlichen Kassen<\/li>\n<li>Beitragshebung bei einer Erbengemeinschaft<\/li>\n<li>Degressive Abschreibung f\u00fcr bewegliche Wirtschaftsg\u00fcter<\/li>\n<li>Meldung der Steuer-ID an die Minijob-Zentrale f\u00fcr gewerbliche Minijobber<\/li>\n<li>Versicherungsschutz<\/li>\n<li>Abwasserbeseitigung in Schleswig-Holstein muss wachsenden Anspr\u00fcchen gerecht werden<\/li>\n<li>Wechsel in der Gesch\u00e4ftsf\u00fchrung des WBV Ostholstein<\/li>\n<\/ol>\n<p>[\/vc_column_text][\/vc_column_inner][\/vc_row_inner][\/vc_accordion_tab][vc_accordion_tab title=&#8220;Nummer 95 vom 26.01.2021&#8243;]<div class=\" ubtn-ctn-left \"><a class=\"ubtn-link ult-adjust-bottom-margin ubtn-left ubtn-normal \" href=\"https:\/\/www.lwbv.de\/lwbv\/wp-content\/uploads\/2021\/01\/Info-Nr.-95-komplett.pdf\" target=\"_blank\" rel=\"noopener\" ><button type=\"button\" id=\"ubtn-1087\"  class=\"ubtn ult-adjust-bottom-margin ult-responsive ubtn-normal ubtn-no-hover-bg  none  ubtn-sep-icon ubtn-sep-icon-at-left  ubtn-left   tooltip-69f48516c47ae\"  data-hover=\"#242f49\" data-border-color=\"\" data-bg=\"#ffffff\" data-hover-bg=\"\" data-border-hover=\"\" data-shadow-hover=\"\" data-shadow-click=\"none\" data-shadow=\"\" data-shd-shadow=\"\"  data-ultimate-target='#ubtn-1087'  data-responsive-json-new='{\"font-size\":\"desktop:16px;\",\"line-height\":\"\"}'  style=\"font-weight:normal;border:none;background: #ffffff;color: #1368af;\"><span class=\"ubtn-data ubtn-icon\"><i class=\"Defaults-file-pdf-o\" style=\"font-size:25px;color:#dd3333;\"><\/i><\/span><span class=\"ubtn-hover\" style=\"background-color:\"><\/span><span class=\"ubtn-data ubtn-text \" >Info Nummer 95<\/span><\/button><\/a><\/div>[vc_column_text]<\/p>\n<h2>Inhalt<\/h2>\n<p>[\/vc_column_text][vc_row_inner][vc_column_inner width=&#8220;1\/2&#8243;][vc_column_text]<\/p>\n<div class=\"p\">\n<p>1. Gru\u00dfwort des Verbandsvorstehers<\/p>\n<p>2. Regionalversammlungen 2020 \/ Neuwahl des Verbandsausschusses<\/p>\n<p>3. Ausschusssitzung und Vorstandswahl verschoben<\/p>\n<p>4. Beschlussfassung in Corona-Zeiten<\/p>\n<p>5. Kontaktbeschr\u00e4nkung aus Sicht der Pr\u00fcfung<\/p>\n<p>6. Zielvereinbarung \/ Digitales Unterhaltungsverzeichnis (DUV)<\/p>\n<p>7. Qualit\u00e4tssicherung DAV\/DDV<\/p>\n<p>8. Allianz f\u00fcr den Gew\u00e4sserschutz &#8211; Gew\u00e4sserrandstreifen<\/p>\n<p>9. Sandfang-Monitoring<\/p>\n<p>10. Erneuerbare Energien als &#8222;echte&#8220; Verbandsaufgabe<\/p>\n<p>11. Ausweisung von Wasserschutzgebieten<\/p>\n<p>12. Anpassung der Umsatzsteuers\u00e4tze zum 01.07.2020 und zum 01.01.2021<\/p>\n<p>13. Weiterf\u00fchrung der Stromsteuer-Erstattung in 2021<\/p>\n<p>14. Allgemeine Hinweise zur Vergabe von \u00f6ffentlichen Auftr\u00e4gen<\/p>\n<p>&nbsp;<\/p>\n<\/div>\n<p>[\/vc_column_text][\/vc_column_inner][vc_column_inner width=&#8220;1\/2&#8243;][vc_column_text]<\/p>\n<div class=\"p\">\n<p>15. Anhebung des gesetzlichen Mindestlohnes<\/p>\n<p>16. Neue HOAI 2021<\/p>\n<p>17. Vergaberecht: Auch bei Vergaben \u00e4u\u00dferster Dringlichkeit<br \/>\nist Wettbewerb zu schaffen<\/p>\n<p>18. Zitiergebot in Satzungen<\/p>\n<p>19. \u00c4nderungen der Entsch\u00e4digungsverordnung<\/p>\n<p>20. Unberechtigter Ausweis von Umsatzsteuer<\/p>\n<p>21. Keine l\u00e4ngere Abschreibungsdauer f\u00fcr Geb\u00e4ude als 33,3 Jahre<\/p>\n<p>22. Degressive Abschreibung f\u00fcr bewegliche Wirtschaftsg\u00fcter<\/p>\n<p>23. Elektronische Kontoausz\u00fcge<\/p>\n<p>24. Elektronische Rechnung<\/p>\n<p>25. Verst\u00e4rkung der Verwaltung<\/p>\n<p>26. Th\u00fcringer Verb\u00e4nde gr\u00fcnden Landesverband<\/p>\n<\/div>\n<p>[\/vc_column_text][\/vc_column_inner][\/vc_row_inner][\/vc_accordion_tab][vc_accordion_tab title=&#8220;Nummer 94 vom 27.01.2020&#8243;]<div class=\" ubtn-ctn-left \"><a class=\"ubtn-link ult-adjust-bottom-margin ubtn-left ubtn-normal \" href=\"https:\/\/www.lwbv.de\/lwbv\/wp-content\/uploads\/2020\/01\/Info-Nr.-94_20200128.pdf\" target=\"_blank\" rel=\"noopener\" ><button type=\"button\" id=\"ubtn-3987\"  class=\"ubtn ult-adjust-bottom-margin ult-responsive ubtn-normal ubtn-no-hover-bg  none  ubtn-sep-icon ubtn-sep-icon-at-left  ubtn-left   tooltip-69f48516c4840\"  data-hover=\"#242f49\" data-border-color=\"\" data-bg=\"#ffffff\" data-hover-bg=\"\" data-border-hover=\"\" data-shadow-hover=\"\" data-shadow-click=\"none\" data-shadow=\"\" data-shd-shadow=\"\"  data-ultimate-target='#ubtn-3987'  data-responsive-json-new='{\"font-size\":\"desktop:16px;\",\"line-height\":\"\"}'  style=\"font-weight:normal;border:none;background: #ffffff;color: #1368af;\"><span class=\"ubtn-data ubtn-icon\"><i class=\"Defaults-file-pdf-o\" style=\"font-size:25px;color:#dd3333;\"><\/i><\/span><span class=\"ubtn-hover\" style=\"background-color:\"><\/span><span class=\"ubtn-data ubtn-text \" >Info Nummer 94<\/span><\/button><\/a><\/div>[vc_column_text]<\/p>\n<h2>Inhalt<\/h2>\n<p>[\/vc_column_text][vc_row_inner][vc_column_inner width=&#8220;1\/2&#8243;][vc_column_text]<\/p>\n<div class=\"p\">\n<p>1. Gru\u00dfwort des Verbandsvorstehers<\/p>\n<p>2. Regionalversammlungen<\/p>\n<p>3. Landtag modernisiert LWG und LVWG<\/p>\n<p>4. Einf\u00fchrungserlass zum Fachkundenachweis<\/p>\n<p>5. Sandfang-Monitoring<\/p>\n<p>6. Pr\u00e4mierung zum sch\u00f6nsten Randstreifen<\/p>\n<p>7. Umsatzbesteuerung von juristischen Personen des \u00f6ffentlichen Rechts<\/p>\n<p>8. Aufwandsentsch\u00e4digung der Verbandsvorsteher<\/p>\n<p>9. Anhebung des gesetzlichen Mindestlohns<\/p>\n<p>&nbsp;<\/p>\n<\/div>\n<p>[\/vc_column_text][\/vc_column_inner][vc_column_inner width=&#8220;1\/2&#8243;][vc_column_text]<\/p>\n<div class=\"p\">\n<p>10. Anpassung Kleinunternehmergrenze<\/p>\n<p>11. Abwasserrecht<\/p>\n<p>12. Der Vergabevermerk<\/p>\n<p>13. Aktuelles aus dem Steuerrecht<\/p>\n<p>14. Bilanzbuchhalterlehrgang von KOMMA<\/p>\n<p>15. Personelle Ver\u00e4nderungen im Landesverband<\/p>\n<p>16. S\u00fcdwestholstein: Wasser- und Bodenverb\u00e4nde sortieren sich neu<\/p>\n<p>17. Rausch\/Pencereci\/Brandt: &#8222;Wasserverbandsrecht&#8220;<\/p>\n<p>&nbsp;<\/p>\n<\/div>\n<p>[\/vc_column_text][\/vc_column_inner][\/vc_row_inner][\/vc_accordion_tab][vc_accordion_tab title=&#8220;Nummer 93 vom 26.07.2018&#8243;]<div class=\" ubtn-ctn-left \"><a class=\"ubtn-link ult-adjust-bottom-margin ubtn-left ubtn-normal \" href=\"\/lwbv\/wp-content\/uploads\/2018\/08\/InfoNr93vom26Juli2018.pdf\" target=\"_blank\" rel=\"noopener\" ><button type=\"button\" id=\"ubtn-9843\"  class=\"ubtn ult-adjust-bottom-margin ult-responsive ubtn-normal ubtn-no-hover-bg  none  ubtn-sep-icon ubtn-sep-icon-at-left  ubtn-left   tooltip-69f48516c48ce\"  data-hover=\"#242f49\" data-border-color=\"\" data-bg=\"#ffffff\" data-hover-bg=\"\" data-border-hover=\"\" data-shadow-hover=\"\" data-shadow-click=\"none\" data-shadow=\"\" data-shd-shadow=\"\"  data-ultimate-target='#ubtn-9843'  data-responsive-json-new='{\"font-size\":\"desktop:16px;\",\"line-height\":\"\"}'  style=\"font-weight:normal;border:none;background: #ffffff;color: #1368af;\"><span class=\"ubtn-data ubtn-icon\"><i class=\"Defaults-file-pdf-o\" style=\"font-size:25px;color:#dd3333;\"><\/i><\/span><span class=\"ubtn-hover\" style=\"background-color:\"><\/span><span class=\"ubtn-data ubtn-text \" >Info Nummer 93<\/span><\/button><\/a><\/div>[vc_column_text]<\/p>\n<h2>Inhalt<\/h2>\n<p>[\/vc_column_text][vc_row_inner][vc_column_inner width=&#8220;1\/2&#8243;][vc_column_text]<\/p>\n<div class=\"p\">\n<p>1. Wechsel in der Abteilungsleitung<\/p>\n<p>2. Bundesverwaltungsgericht hebt OVG Urteile auf<\/p>\n<p>3. Erh\u00f6hung der Zusch\u00fcsse \u2013 Verl\u00e4ngerung der Zielvereinbarung<\/p>\n<p>4. Allianz f\u00fcr den Gew\u00e4sserschutz &#8211; Gew\u00e4sserrandstreifen<\/p>\n<p>5. Kabinett legt Entwurf f\u00fcr Wasserrechtsmodernisierungsgesetz vor<\/p>\n<p>6. \u201eCountdown\u201c f\u00fcr den Fachkundenachweis \u201eSchonende Gew\u00e4sserunterhaltung\u201c<\/p>\n<p>7. Vergaberecht: Neue EU-Schwellenwerte f\u00fcr 2018\/2019 ver\u00f6ffentlicht<\/p>\n<p>8. Geringwertige Wirtschaftsg\u00fcter, steuerliche Regelungen ab 2018<\/p>\n<p>9. \u00dcbertragung der Aufgabe der Abwasserentsorgung von Gemeinden<\/p>\n<\/div>\n<p>[\/vc_column_text][\/vc_column_inner][vc_column_inner width=&#8220;1\/2&#8243;][vc_column_text]<\/p>\n<div class=\"p\">\n<p>10. Verbandsbeitr\u00e4ge in der Zwangsversteigerung<\/p>\n<p>11. Mahngeb\u00fchren<\/p>\n<p>12. Entsch\u00e4digungsverordnung<\/p>\n<p>13. Rechtsbehelfsbelehrung<\/p>\n<p>14. Umsatzsteuer f\u00fcr Wasserhausanschl\u00fcsse<\/p>\n<p>15. Ehrenamtliche Nebent\u00e4tigkeit \u2013 Abgrenzung zur Hauptt\u00e4tigkeit (BFH)<\/p>\n<p>16. Neuregelung der Zuzahlungen f\u00fcr die private Dienstwagennutzung<\/p>\n<p>17. Betriebliche Gesundheitsf\u00f6rderung<\/p>\n<p>18. Blunck-Umweltpreis f\u00fcr G\u00fcnter Mund<\/p>\n<p>19. In eigener Sache\u2026 Verbandsinformationen per Mail<\/p>\n<\/div>\n<p>[\/vc_column_text][\/vc_column_inner][\/vc_row_inner][\/vc_accordion_tab][vc_accordion_tab title=&#8220;Nummer 92 vom 27.01.2017&#8243;]<div class=\" ubtn-ctn-left \"><a class=\"ubtn-link ult-adjust-bottom-margin ubtn-left ubtn-normal \" href=\"\/lwbv\/wp-content\/uploads\/2018\/07\/InfoNr.92vom25.Januar2017.pdf\" target=\"_blank\" rel=\"noopener\" ><button type=\"button\" id=\"ubtn-5895\"  class=\"ubtn ult-adjust-bottom-margin ult-responsive ubtn-normal ubtn-no-hover-bg  none  ubtn-sep-icon ubtn-sep-icon-at-left  ubtn-left   tooltip-69f48516c4957\"  data-hover=\"#242f49\" data-border-color=\"\" data-bg=\"#ffffff\" data-hover-bg=\"\" data-border-hover=\"\" data-shadow-hover=\"\" data-shadow-click=\"none\" data-shadow=\"\" data-shd-shadow=\"\"  data-ultimate-target='#ubtn-5895'  data-responsive-json-new='{\"font-size\":\"desktop:16px;\",\"line-height\":\"\"}'  style=\"font-weight:normal;border:none;background: #ffffff;color: #1368af;\"><span class=\"ubtn-data ubtn-icon\"><i class=\"Defaults-file-pdf-o\" style=\"font-size:25px;color:#dd3333;\"><\/i><\/span><span class=\"ubtn-hover\" style=\"background-color:\"><\/span><span class=\"ubtn-data ubtn-text \" >Info Nummer 92<\/span><\/button><\/a><\/div>[vc_column_text]<\/p>\n<h2>Inhalt<\/h2>\n<p>[\/vc_column_text][vc_row_inner][vc_column_inner width=&#8220;1\/2&#8243;][vc_column_text]<\/p>\n<div class=\"p\">\n<p>1. Vorwort<\/p>\n<p>2. \u00c4nderung des Landeswasserverbandsgesetzes<\/p>\n<p>3. Einsatz synthetischer Polymere noch bis Ende 2018 erlaubt<\/p>\n<p>4. Weiterentwicklung von Energiemanagementsystemen<\/p>\n<p>5. Verfahrensverzeichnis gem. \u00a7 7 LDSG<\/p>\n<p>6. Grunds\u00e4tze des \u00f6ffentlichen Auftragswesens<\/p>\n<p>7. Bekanntmachung von Auftragsvergaben auf einer Internetplattform<\/p>\n<p>8. Keine Anwendung des Vergaberechtes bei der Aufgaben\u00fcbertragung auf<\/p>\n<p>Zweckverb\u00e4nde<\/p>\n<p>&nbsp;<\/p>\n<\/div>\n<p>[\/vc_column_text][\/vc_column_inner][vc_column_inner width=&#8220;1\/2&#8243;][vc_column_text]<\/p>\n<div class=\"p\">\n<p>&nbsp;<\/p>\n<p>9. Umsatzbesteuerung der \u00f6ffentlichen Hand, Anwendungsschreiben des BMF zu<\/p>\n<p>\u00a7\u00a02\u00a0b\u00a0UStG<\/p>\n<p>10. Versteuerung von Fortbildungskosten<\/p>\n<p>11. Geb\u00fchrenerhebung f\u00fcr Entw\u00e4sserung von Stra\u00dfen anderer Stra\u00dfenbaulasttr\u00e4ger<\/p>\n<p>m\u00f6glich<\/p>\n<p>12. Baukostenzuschusserhebung nach \u00a7 9 AVBWasserV bei Grundst\u00fccksteilung<\/p>\n<p>13. BGH zu Verzugseintritt bei Verbrauchsabrechnungen<\/p>\n<p>14. \u00dcberblick \u00fcber m\u00f6gliche R\u00fcckstellungen in der Bilanz<\/p>\n<p>15. Adress\u00e4nderung<\/p>\n<\/div>\n<p>[\/vc_column_text][\/vc_column_inner][\/vc_row_inner][\/vc_accordion_tab][vc_accordion_tab title=&#8220;Nummer 91 vom 11.02.2016&#8243;]<div class=\" ubtn-ctn-left \"><a class=\"ubtn-link ult-adjust-bottom-margin ubtn-left ubtn-normal \" href=\"\/lwbv\/wp-content\/uploads\/2018\/07\/InforNr.91.pdf\" target=\"_blank\" rel=\"noopener\" ><button type=\"button\" id=\"ubtn-2229\"  class=\"ubtn ult-adjust-bottom-margin ult-responsive ubtn-normal ubtn-no-hover-bg  none  ubtn-sep-icon ubtn-sep-icon-at-left  ubtn-left   tooltip-69f48516c49dd\"  data-hover=\"#242f49\" data-border-color=\"\" data-bg=\"#ffffff\" data-hover-bg=\"\" data-border-hover=\"\" data-shadow-hover=\"\" data-shadow-click=\"none\" data-shadow=\"\" data-shd-shadow=\"\"  data-ultimate-target='#ubtn-2229'  data-responsive-json-new='{\"font-size\":\"desktop:16px;\",\"line-height\":\"\"}'  style=\"font-weight:normal;border:none;background: #ffffff;color: #1368af;\"><span class=\"ubtn-data ubtn-icon\"><i class=\"Defaults-file-pdf-o\" style=\"font-size:25px;color:#dd3333;\"><\/i><\/span><span class=\"ubtn-hover\" style=\"background-color:\"><\/span><span class=\"ubtn-data ubtn-text \" >Info Nummer 91<\/span><\/button><\/a><\/div>[vc_column_text]<\/p>\n<h2>Inhalt<\/h2>\n<div class=\"p\">\n<p>&nbsp;<\/p>\n<\/div>\n<p>[\/vc_column_text][vc_row_inner][vc_column_inner width=&#8220;1\/2&#8243;][vc_column_text]<\/p>\n<div class=\"p\">\n<p>1. Vorwort<\/p>\n<p>2. Vorstandswahl beim Landesverband<\/p>\n<p>3. Fachkundenachweis \u201eSchonende Gew\u00e4sserunterhaltung\u201c \u2013 ein Erfahrungsbericht<\/p>\n<p>4. EU-Wasserrahmenrichtline, Stellungnahmen<\/p>\n<p>5. Hochwasserrisikomanagementpl\u00e4ne werden ver\u00f6ffentlicht<\/p>\n<p>6. Entsch\u00e4digungsverordnung \u2013 EntschVO ge\u00e4ndert<\/p>\n<p>7. Wertgrenzenregelungen aus der SHVgVO bis 31.12.2017 verl\u00e4ngert<\/p>\n<p>8. Ausschreibung von unbefristeten Vertr\u00e4gen<\/p>\n<\/div>\n<p>9. Neue Schwellenwerte f\u00fcr EU-weite Auftragsvergabe[\/vc_column_text][\/vc_column_inner][vc_column_inner width=&#8220;1\/2&#8243;][vc_column_text]<\/p>\n<div class=\"p\">\n<p>10. \u00c4nderungen der Umsatzbesteuerung der \u00f6ffentlichen Hand<\/p>\n<p>11. Beweiskraft eines geeichten Wasserz\u00e4hlers<\/p>\n<p>12. BGH Rechtsprechung zur Grundpreisgestaltung eines Wasserversorgers<\/p>\n<p>13. Wirksamkeit von einseitigen \u00c4nderungen und Billigkeitskontrolle privatrechtlicher<\/p>\n<p>Abwasserentgelte<\/p>\n<p>14. Neuerung bei der steuerlichen Behandlung von Betriebsveranstaltungen<\/p>\n<p>15. Nachweisf\u00fchrung des Energieaudits<\/p>\n<p>16. Personalien<\/p>\n<p>SONDERINFO &#8211; VERSICHERUNGEN<\/p>\n<\/div>\n<p>[\/vc_column_text][\/vc_column_inner][\/vc_row_inner][\/vc_accordion_tab][vc_accordion_tab title=&#8220;Nummer 90 vom 07.04.2015&#8243;]<div class=\" ubtn-ctn-left \"><a class=\"ubtn-link ult-adjust-bottom-margin ubtn-left ubtn-normal \" href=\"\/lwbv\/wp-content\/uploads\/2018\/07\/Info90.pdf\" target=\"_blank\" rel=\"noopener\" ><button type=\"button\" id=\"ubtn-5179\"  class=\"ubtn ult-adjust-bottom-margin ult-responsive ubtn-normal ubtn-no-hover-bg  none  ubtn-sep-icon ubtn-sep-icon-at-left  ubtn-left   tooltip-69f48516c4a5f\"  data-hover=\"#242f49\" data-border-color=\"\" data-bg=\"#ffffff\" data-hover-bg=\"\" data-border-hover=\"\" data-shadow-hover=\"\" data-shadow-click=\"none\" data-shadow=\"\" data-shd-shadow=\"\"  data-ultimate-target='#ubtn-5179'  data-responsive-json-new='{\"font-size\":\"desktop:16px;\",\"line-height\":\"\"}'  style=\"font-weight:normal;border:none;background: #ffffff;color: #1368af;\"><span class=\"ubtn-data ubtn-icon\"><i class=\"Defaults-file-pdf-o\" style=\"font-size:25px;color:#dd3333;\"><\/i><\/span><span class=\"ubtn-hover\" style=\"background-color:\"><\/span><span class=\"ubtn-data ubtn-text \" >Info Nummer 90<\/span><\/button><\/a><\/div>[vc_column_text]<\/p>\n<h2>Inhalt<\/h2>\n<p>[\/vc_column_text][vc_row_inner][vc_column_inner width=&#8220;1\/2&#8243;][vc_column_text]<\/p>\n<div class=\"p\">\n<p>1. Neuwahl des Verbandsausschusses f\u00fcr 2015 bis 2020<br \/>\n2. Branchenbild 2015<br \/>\n3. Wasserwirtschaft pl\u00e4diert f\u00fcr Reduzierung der Nitratbelastungen durch<br \/>\nD\u00fcngeverordnung<br \/>\n4. Talfahrt der Gew\u00e4sserunterhaltungszusch\u00fcsse gebremst<br \/>\n5. Mindestlohngesetz (MiLoG)<br \/>\n6. Haftung nach dem HPflG bei Wassersch\u00e4den im Geb\u00e4ude vor der<br \/>\nHauptabsperrvorrichtung<br \/>\n7. \u00c4nderung des Energiedienstleistungsgesetzes (EDL-G)<\/p>\n<\/div>\n<p>[\/vc_column_text][\/vc_column_inner][vc_column_inner width=&#8220;1\/2&#8243;][vc_column_text]<\/p>\n<div class=\"p\">\n<p>8. Mahnkosten<br \/>\n9. Gesetz zur Erh\u00f6hung der Sicherheit informationstechnischer Systeme<br \/>\n10. Geldwerter Vorteil bei Privatnutzung des Dienst-Kfz<br \/>\n11. Grunds\u00e4tze zur ordnungsm\u00e4\u00dfigen F\u00fchrung und Aufbewahrung von B\u00fcchern<br \/>\n12.Neues Eichrecht am 1. Januar 2015 in Kraft getreten<br \/>\n13. Verabschiedung des Pr\u00fcfers Hans-H. Clausen<br \/>\n14.Neuer Pr\u00fcfer in der Abteilung Revision beim Landesverband<\/p>\n<\/div>\n<p>[\/vc_column_text][\/vc_column_inner][\/vc_row_inner][\/vc_accordion_tab][vc_accordion_tab title=&#8220;Nummer 89 vom 17.07.2014&#8243;]<div class=\" ubtn-ctn-left \"><a class=\"ubtn-link ult-adjust-bottom-margin ubtn-left ubtn-normal \" href=\"\/lwbv\/wp-content\/uploads\/2018\/07\/InfoNr89.pdf\" target=\"_blank\" rel=\"noopener\" ><button type=\"button\" id=\"ubtn-7425\"  class=\"ubtn ult-adjust-bottom-margin ult-responsive ubtn-normal ubtn-no-hover-bg  none  ubtn-sep-icon ubtn-sep-icon-at-left  ubtn-left   tooltip-69f48516c4add\"  data-hover=\"#242f49\" data-border-color=\"\" data-bg=\"#ffffff\" data-hover-bg=\"\" data-border-hover=\"\" data-shadow-hover=\"\" data-shadow-click=\"none\" data-shadow=\"\" data-shd-shadow=\"\"  data-ultimate-target='#ubtn-7425'  data-responsive-json-new='{\"font-size\":\"desktop:16px;\",\"line-height\":\"\"}'  style=\"font-weight:normal;border:none;background: #ffffff;color: #1368af;\"><span class=\"ubtn-data ubtn-icon\"><i class=\"Defaults-file-pdf-o\" style=\"font-size:25px;color:#dd3333;\"><\/i><\/span><span class=\"ubtn-hover\" style=\"background-color:\"><\/span><span class=\"ubtn-data ubtn-text \" >Info Nummer 89<\/span><\/button><\/a><\/div>[vc_column_text]<\/p>\n<h2>Inhalt<\/h2>\n<p>[\/vc_column_text][vc_row_inner][vc_column_inner width=&#8220;1\/2&#8243;][vc_column_text]<\/p>\n<div class=\"p\">\n<p>1. Klaus-Uwe Marten verabschiedet und mit \u201eGoldener Ehrennadel\u201c ausgezeichnet<br \/>\n2. Klaus Busch-Clau\u00dfen zum stellvertretenden Verbandsvorsteher gew\u00e4hlt<br \/>\n3. Regionalversammlung der Wasserversorger<br \/>\n4. 20 Jahre ARGE Segeberg<br \/>\n5. Bundestag beschlie\u00dft St\u00e4rkung des Ehrenamtes<br \/>\n6. Gro\u00dfe Koalition will Gas-Fracking nach der Sommerpause regeln<br \/>\n7. Niederungen 2050: Schlussbericht an Minister Habeck \u00fcbergeben<br \/>\n8. Bundesverwaltungsgericht: Kein Anspruch des Bundes auf Kostenersatz<br \/>\nf\u00fcr St\u00f6rdeichreparatur<br \/>\n9. VG Schleswig: Keine R\u00fcckwirkung bei der Beschreibung des Verbandsgebietes<br \/>\n10. Stickstoffeintr\u00e4ge ins Grundwasser und die Oberfl\u00e4chengew\u00e4sser<br \/>\nSchleswig-Holsteins<\/p>\n<\/div>\n<p>[\/vc_column_text][\/vc_column_inner][vc_column_inner width=&#8220;1\/2&#8243;][vc_column_text]<\/p>\n<div class=\"p\">\n<p>11. Tariftreue- und Vergabegesetz Schleswig-Holstein \u2013 TTG<br \/>\n12. Landesmindestlohngesetz<br \/>\n13. Wertgrenzenregelungen aus der SHVgVO bis 31.12.2015 verl\u00e4ngert<br \/>\n14. Wasserversorger kann f\u00fcr Wassersch\u00e4den beim Kunden haften<br \/>\n15. Wasserlieferungsvertr\u00e4ge, neue Regelungen zum Widerrufsrecht<br \/>\n16. \u00c4nderungen zur Steuerschuldnerschaft des Leistungsempf\u00e4nger bei<br \/>\nBauleistungen (\u00a713 b UStG)<br \/>\n17. Lohnsteuerpflicht bei Betriebsveranstaltungen<br \/>\n18. Versteuerung von Geschenken durch den Arbeitgeber<br \/>\n19. Neue Sekret\u00e4rin beim Landesverband<br \/>\n20. Nachruf<\/p>\n<\/div>\n<p>[\/vc_column_text][\/vc_column_inner][\/vc_row_inner][\/vc_accordion_tab][vc_accordion_tab title=&#8220;Nummer 88 vom 09.10.2013&#8243;]<div class=\" ubtn-ctn-left \"><a class=\"ubtn-link ult-adjust-bottom-margin ubtn-left ubtn-normal \" href=\"\/lwbv\/wp-content\/uploads\/2018\/09\/InfoNr88.pdf\" target=\"_blank\" rel=\"noopener\" ><button type=\"button\" id=\"ubtn-9129\"  class=\"ubtn ult-adjust-bottom-margin ult-responsive ubtn-normal ubtn-no-hover-bg  none  ubtn-sep-icon ubtn-sep-icon-at-left  ubtn-left   tooltip-69f48516c4b5f\"  data-hover=\"#242f49\" data-border-color=\"\" data-bg=\"#ffffff\" data-hover-bg=\"\" data-border-hover=\"\" data-shadow-hover=\"\" data-shadow-click=\"none\" data-shadow=\"\" data-shd-shadow=\"\"  data-ultimate-target='#ubtn-9129'  data-responsive-json-new='{\"font-size\":\"desktop:16px;\",\"line-height\":\"\"}'  style=\"font-weight:normal;border:none;background: #ffffff;color: #1368af;\"><span class=\"ubtn-data ubtn-icon\"><i class=\"Defaults-file-pdf-o\" style=\"font-size:25px;color:#dd3333;\"><\/i><\/span><span class=\"ubtn-hover\" style=\"background-color:\"><\/span><span class=\"ubtn-data ubtn-text \" >Info Nummer 88<\/span><\/button><\/a><\/div>[vc_column_text]<\/p>\n<h2>Inhalt<\/h2>\n<p>[\/vc_column_text][vc_row_inner][vc_column_inner width=&#8220;1\/2&#8243;][vc_column_text]<\/p>\n<div class=\"p\">\n<p>1. DBVW-Bundestagung in Schleswig-Holstein<br \/>\n2. Zielvereinbarungen<br \/>\n3. Neue Biologin im Landesverband<br \/>\n4. Fachpl\u00e4ne K\u00fcstenschutz Ostseek\u00fcste und Nordseek\u00fcste (Amrum, F\u00f6hr und Sylt)<br \/>\n5. Ausweisung des Verbandsgebietes in der Satzung<br \/>\n6. Keine erneute Festsetzung bestandskr\u00e4ftiger Beitragsforderungen<br \/>\n7. Verschwiegenheitspflicht<\/p>\n<\/div>\n<p>[\/vc_column_text][\/vc_column_inner][vc_column_inner width=&#8220;1\/2&#8243;][vc_column_text]<\/p>\n<div class=\"p\">\n<p>8. GEZ-Beitr\u00e4ge<br \/>\n9. Mitteilung von Informationen \u00fcber vergebene Auftr\u00e4ge nach dem Pressegesetz i.d.R. nicht erforderlich 10. R\u00fcckstellung f\u00fcr Kosten\u00fcberdeckung ist steuerlich anzuerkennen<br \/>\n11. Anwendungsbereich von \u00a7 30 AVBWasserV<br \/>\n12. Spenden- und Sponsoringt\u00e4tigkeit durch Wasserzweckverband<br \/>\n13. Umstellung des Zahlungsverkehrs auf SEPA<br \/>\n14. Nachruf<br \/>\nAnlage 1: Entwurf Zielvereinbarungen (08.10.2013)<\/p>\n<\/div>\n<p>[\/vc_column_text][\/vc_column_inner][\/vc_row_inner][\/vc_accordion_tab][vc_accordion_tab title=&#8220;Nummer 87 vom 28.01.2013&#8243;]<div class=\" ubtn-ctn-left \"><a class=\"ubtn-link ult-adjust-bottom-margin ubtn-left ubtn-normal \" href=\"\/lwbv\/wp-content\/uploads\/2018\/09\/InfoNr87.pdf\" target=\"_blank\" rel=\"noopener\" ><button type=\"button\" id=\"ubtn-7320\"  class=\"ubtn ult-adjust-bottom-margin ult-responsive ubtn-normal ubtn-no-hover-bg  none  ubtn-sep-icon ubtn-sep-icon-at-left  ubtn-left   tooltip-69f48516c4c1c\"  data-hover=\"#242f49\" data-border-color=\"\" data-bg=\"#ffffff\" data-hover-bg=\"\" data-border-hover=\"\" data-shadow-hover=\"\" data-shadow-click=\"none\" data-shadow=\"\" data-shd-shadow=\"\"  data-ultimate-target='#ubtn-7320'  data-responsive-json-new='{\"font-size\":\"desktop:16px;\",\"line-height\":\"\"}'  style=\"font-weight:normal;border:none;background: #ffffff;color: #1368af;\"><span class=\"ubtn-data ubtn-icon\"><i class=\"Defaults-file-pdf-o\" style=\"font-size:25px;color:#dd3333;\"><\/i><\/span><span class=\"ubtn-hover\" style=\"background-color:\"><\/span><span class=\"ubtn-data ubtn-text \" >Info Nummer 87<\/span><\/button><\/a><\/div>[vc_column_text]<\/p>\n<h2>Inhalt<\/h2>\n<p>[\/vc_column_text][vc_row_inner][vc_column_inner width=&#8220;1\/2&#8243;][vc_column_text]<\/p>\n<div class=\"p\">\n<p>1. Br\u00fcssel mahnt Defizite bei der Umsetzung der Wasserrahmenrichtlinie an<br \/>\n2. Bericht der Landesregierung zum Stand der EU-Wasserrahmenrichtlinie in Schleswig-Holstein<br \/>\n3. DBVW korrigiert Forderungskatalog zur D\u00fcngeverordnung<br \/>\n4. \u00c4nderung der Trinkwasserverordnung<br \/>\n5. VG Schleswig best\u00e4tigt Beseitigungsanordnung eines Wasser- und Bodenverbandes<br \/>\n6. Ge\u00e4nderte Beitragshebung des Landesverbandes<br \/>\n7. W\u00e4hlbarkeit zum Verbandsausschuss<br \/>\n8. DAV und DDV ab 2014 Zuschussgrundlage<br \/>\n9. Neuer Generalplan K\u00fcstenschutz<br \/>\n10. Schadensersatz wegen unterbliebener Einladung zum Vorstellungsgespr\u00e4ch<br \/>\n11. OVG NRW zur Bagatellgrenze bei Wasserschwundmengen<\/p>\n<\/div>\n<p>[\/vc_column_text][\/vc_column_inner][vc_column_inner width=&#8220;1\/2&#8243;][vc_column_text]<\/p>\n<div class=\"p\">\n<p>12. Verdienstgrenze f\u00fcr Minijobber steigt ab dem 1. Januar 2013 auf 450 Euro<br \/>\n13 .Musterleistungsverzeichnis f\u00fcr schonende Gew\u00e4sserunterhaltung ist verf\u00fcgbar<br \/>\n14. Unwirksamkeit von Abwassergeb\u00fchrens\u00e4tzen wegen Versto\u00dfes gegen die Pflicht zum fristgerechten Ausgleich von \u00dcber- und Unterdeckungen<br \/>\n15. Gewinnerzielungsabsicht eines Wasserbeschaffungsverbandes<br \/>\n16. Umsatzsteuerliche Behandlung von Standortmietvertr\u00e4gen \u00fcber Funkfeststationen<br \/>\n17 Elektronische Archivierung<br \/>\n18. Tarifabschluss f\u00fcr den Bereich der Lohnunternehmer in Land- und Forstwirtschaft<br \/>\n19. Seminare f\u00fcr Mitarbeiter\/innen von Betriebsh\u00f6fen<br \/>\n20. Wechsel im Sekretariat<br \/>\n21. Dienstjubil\u00e4en beim Landesverband<br \/>\n22. Nachruf<\/p>\n<\/div>\n<p>[\/vc_column_text][\/vc_column_inner][\/vc_row_inner][\/vc_accordion_tab][vc_accordion_tab title=&#8220;Nummer 86 vom 11.09.2012&#8243;]<div class=\" ubtn-ctn-left \"><a class=\"ubtn-link ult-adjust-bottom-margin ubtn-left ubtn-normal \" href=\"\/lwbv\/wp-content\/uploads\/2018\/09\/InfoNr87.pdf\" target=\"_blank\" rel=\"noopener\" ><button type=\"button\" id=\"ubtn-9837\"  class=\"ubtn ult-adjust-bottom-margin ult-responsive ubtn-normal ubtn-no-hover-bg  none  ubtn-sep-icon ubtn-sep-icon-at-left  ubtn-left   tooltip-69f48516c4c8f\"  data-hover=\"#242f49\" data-border-color=\"\" data-bg=\"#ffffff\" data-hover-bg=\"\" data-border-hover=\"\" data-shadow-hover=\"\" data-shadow-click=\"none\" data-shadow=\"\" data-shd-shadow=\"\"  data-ultimate-target='#ubtn-9837'  data-responsive-json-new='{\"font-size\":\"desktop:16px;\",\"line-height\":\"\"}'  style=\"font-weight:normal;border:none;background: #ffffff;color: #1368af;\"><span class=\"ubtn-data ubtn-icon\"><i class=\"Defaults-file-pdf-o\" style=\"font-size:25px;color:#dd3333;\"><\/i><\/span><span class=\"ubtn-hover\" style=\"background-color:\"><\/span><span class=\"ubtn-data ubtn-text \" >Info Nummer 86<\/span><\/button><\/a><\/div>[vc_column_text]<\/p>\n<h2>Inhalt<\/h2>\n<p>[\/vc_column_text][vc_row_inner][vc_column_inner width=&#8220;1\/2&#8243;][vc_column_text]<\/p>\n<div class=\"p\">\n<p>1. Der Landesverband im Gespr\u00e4ch mit Minister Habeck<br \/>\n2. Schonende Gew\u00e4sserunterhaltung in Schleswig-Holstein<br \/>\n3. Ohne DAV keine Zusch\u00fcsse<br \/>\n4. Niedersachsen verl\u00e4ngert Artenschutz \u2013 Ausnahmeverordnung<br \/>\n5. Verbrauchsabrechnung mit Mietern<br \/>\n6. Baukostenzusch\u00fcsse und Kostenerstattungen gem\u00e4\u00df \u00a7\u00a7 9 und 10 AVBWasserV<\/p>\n<\/div>\n<p>[\/vc_column_text][\/vc_column_inner][vc_column_inner width=&#8220;1\/2&#8243;][vc_column_text]<\/p>\n<div class=\"p\">\n<p>7. R\u00fcckerstattungspflicht der erh\u00f6hten Umsatzsteuer auf Hausanschlusskosten<br \/>\n8. Umsatzsteuerliche Behandlung von Beistandsleistungen<br \/>\n9. \u00c4nderung des KAG<br \/>\n10. Mahngeb\u00fchren<br \/>\n11. Veranstaltungshinweis: DBVW-Fachtagung in Potsdam<\/p>\n<\/div>\n<p>[\/vc_column_text][\/vc_column_inner][\/vc_row_inner][\/vc_accordion_tab][vc_accordion_tab title=&#8220;Nummer 85 vom 03.05.2012&#8243;]<div class=\" ubtn-ctn-left \"><a class=\"ubtn-link ult-adjust-bottom-margin ubtn-left ubtn-normal \" href=\"\/lwbv\/wp-content\/uploads\/2018\/09\/InfoNr.85.pdf\" target=\"_blank\" rel=\"noopener\" ><button type=\"button\" id=\"ubtn-1979\"  class=\"ubtn ult-adjust-bottom-margin ult-responsive ubtn-normal ubtn-no-hover-bg  none  ubtn-sep-icon ubtn-sep-icon-at-left  ubtn-left   tooltip-69f48516c4cfe\"  data-hover=\"#242f49\" data-border-color=\"\" data-bg=\"#ffffff\" data-hover-bg=\"\" data-border-hover=\"\" data-shadow-hover=\"\" data-shadow-click=\"none\" data-shadow=\"\" data-shd-shadow=\"\"  data-ultimate-target='#ubtn-1979'  data-responsive-json-new='{\"font-size\":\"desktop:16px;\",\"line-height\":\"\"}'  style=\"font-weight:normal;border:none;background: #ffffff;color: #1368af;\"><span class=\"ubtn-data ubtn-icon\"><i class=\"Defaults-file-pdf-o\" style=\"font-size:25px;color:#dd3333;\"><\/i><\/span><span class=\"ubtn-hover\" style=\"background-color:\"><\/span><span class=\"ubtn-data ubtn-text \" >Info Nummer 85<\/span><\/button><\/a><\/div>[vc_column_text]<\/p>\n<h2>Inhalt<\/h2>\n<p>[\/vc_column_text][vc_row_inner][vc_column_inner][vc_column_text]<\/p>\n<div class=\"p\">\n<p>1. \u201eAuf den Spuren der Wasserrahmenrichtlinie\u201c \u2013 (Reisebericht)<br \/>\n2. Informationsveranstaltungen zum Generalplan K\u00fcstenschutz<br \/>\n3. Neues Datenschutz- und Informationszugangsrecht<br \/>\n4. Neue Selbst\u00fcberwachungsverordnung (S\u00fcVo)<br \/>\n5. Altersabh\u00e4ngige Staffelung der Urlaubsdauer im TV\u00f6D<br \/>\n6. Landesverband \u00fcbernimmt Lizenzvereinbarung f\u00fcr Geodaten<br \/>\n7. Beteiligung f\u00fcr Windparkbetreibergesellschaften<br \/>\n8. Personalien<\/p>\n<\/div>\n<p>[\/vc_column_text][\/vc_column_inner][\/vc_row_inner][\/vc_accordion_tab][vc_accordion_tab title=&#8220;Nummer 84 vom 12.12.2011&#8243;]<div class=\" ubtn-ctn-left \"><a class=\"ubtn-link ult-adjust-bottom-margin ubtn-left ubtn-normal \" href=\"\/lwbv\/wp-content\/uploads\/2018\/09\/InfoNr.84.pdf\" target=\"_blank\" rel=\"noopener\" ><button type=\"button\" id=\"ubtn-8178\"  class=\"ubtn ult-adjust-bottom-margin ult-responsive ubtn-normal ubtn-no-hover-bg  none  ubtn-sep-icon ubtn-sep-icon-at-left  ubtn-left   tooltip-69f48516c4d69\"  data-hover=\"#242f49\" data-border-color=\"\" data-bg=\"#ffffff\" data-hover-bg=\"\" data-border-hover=\"\" data-shadow-hover=\"\" data-shadow-click=\"none\" data-shadow=\"\" data-shd-shadow=\"\"  data-ultimate-target='#ubtn-8178'  data-responsive-json-new='{\"font-size\":\"desktop:16px;\",\"line-height\":\"\"}'  style=\"font-weight:normal;border:none;background: #ffffff;color: #1368af;\"><span class=\"ubtn-data ubtn-icon\"><i class=\"Defaults-file-pdf-o\" style=\"font-size:25px;color:#dd3333;\"><\/i><\/span><span class=\"ubtn-hover\" style=\"background-color:\"><\/span><span class=\"ubtn-data ubtn-text \" >Info Nummer 84<\/span><\/button><\/a><\/div>[vc_column_text]<\/p>\n<h2>Inhalt<\/h2>\n<p>[\/vc_column_text][vc_row_inner][vc_column_inner][vc_column_text]<\/p>\n<div class=\"p\">\n<p>1. Artenschutz: DBVW fordert \u00c4nderung des Bundesnaturschutzgesetzes<br \/>\n2. AG Eutin: Gemeinde zum Schadensersatz an den Wasser- und Bodenverband verpflichtet<br \/>\n3. Umstellung der Katasterverwaltung auf das neue ALKIS-Verfahren<br \/>\n4. Kooperation der Wasserversorger<br \/>\n5. Ber\u00fccksichtigung von nicht in die Kanalisation eingeleiteten Wassermengen bei der Berechnung der Abwassergeb\u00fchren<br \/>\n6. Steuerliche Geltendmachung von Bewirtungskosten<br \/>\n7. Gew\u00e4sserpflegeverband Alster-R\u00f6nne mit eigener Internet-Pr\u00e4senz<br \/>\n8. Einsatz von Notpumpen<br \/>\n9. Veranstaltungshinweis<br \/>\n10. Dr. Holger Gerth neuer Landesnaturschutzbeauftragter des Landes Schleswig-Holstein<br \/>\n11. Nachrufe<\/p>\n<\/div>\n<p>[\/vc_column_text][\/vc_column_inner][\/vc_row_inner][\/vc_accordion_tab][\/vc_accordion][\/vc_column][\/vc_row][vc_row gap=&#8220;30&#8243; equal_height=&#8220;yes&#8220;][vc_column css=&#8220;.vc_custom_1523600378956{padding-bottom: 35px !important;background-color: #f4f6fa !important;}&#8220;]<div class=\"aio-icon-component  vc_custom_1669108475553   style_2\"><div id=\"Info-box-wrap-2782\" class=\"aio-icon-box left-icon\" style=\"\"  ><div class=\"aio-ibd-block\"><\/div> <!-- aio-ibd-block --><\/div> <!-- aio-icon-box --><\/div> <!-- aio-icon-component -->[\/vc_column][\/vc_row]<\/p>\n<\/div>","protected":false},"excerpt":{"rendered":"<p>[vc_row][vc_column][vc_column_text] Verbands-Info [\/vc_column_text][\/vc_column][\/vc_row][vc_row][vc_column][vc_accordion active_tab=&#8220;1&#8243; collapsible=&#8220;yes&#8220; style=&#8220;2&#8243;][vc_accordion_tab title=&#8220;Nummer 100 vom 05.02.2026&#8243;][vc_column_text] Inhalt [\/vc_column_text][vc_row_inner][vc_column_inner width=&#8220;1\/2&#8243;][vc_column_text css=&#8220;&#8220;]Vorwort der Gesch\u00e4ftsf\u00fchrung Gru\u00dfwort des Verbandsvorstehers Hans-Heinrich Gloy Erste Sitzung des neuen Verbandsausschusses Vorstandswahl des Landesverbandes Satzungs\u00e4nderung Erlass \u00fcber den Vollzug naturschutzrechtlicher Anforderungen an die Gew\u00e4sserunterhaltung EU-Verordnung zur Wiederherstellung der Natur Niederungskompetenznetzwerk \u201eNieKo\u201c Digitales Wassermanagement \/ Modernisierungskonzept Branchenbild 2025 ver\u00f6ffentlicht Schulungen f\u00fcr&hellip;<\/p>\n","protected":false},"author":1,"featured_media":0,"parent":0,"menu_order":0,"comment_status":"closed","ping_status":"open","template":"","meta":{"footnotes":""},"yoast_head":"<!-- This site is optimized with the Yoast SEO plugin v22.8 - https:\/\/yoast.com\/wordpress\/plugins\/seo\/ -->\n<title>Verbands-Info - Landesverband der Wasser- und Bodenverb\u00e4nde<\/title>\n<meta name=\"robots\" content=\"index, follow, max-snippet:-1, max-image-preview:large, max-video-preview:-1\" \/>\n<link rel=\"canonical\" href=\"https:\/\/www.lwbv.de\/lwbv\/info\/verbands-info\/\" \/>\n<meta property=\"og:locale\" content=\"de_DE\" \/>\n<meta property=\"og:type\" content=\"article\" \/>\n<meta property=\"og:title\" content=\"Verbands-Info - Landesverband der Wasser- und Bodenverb\u00e4nde\" \/>\n<meta property=\"og:description\" content=\"[vc_row][vc_column][vc_column_text] Verbands-Info [\/vc_column_text][\/vc_column][\/vc_row][vc_row][vc_column][vc_accordion active_tab=&#8220;1&#8243; collapsible=&#8220;yes&#8220; style=&#8220;2&#8243;][vc_accordion_tab title=&#8220;Nummer 100 vom 05.02.2026&#8243;][vc_column_text] Inhalt [\/vc_column_text][vc_row_inner][vc_column_inner width=&#8220;1\/2&#8243;][vc_column_text css=&#8220;&#8220;]Vorwort der Gesch\u00e4ftsf\u00fchrung Gru\u00dfwort des Verbandsvorstehers Hans-Heinrich Gloy Erste Sitzung des neuen Verbandsausschusses Vorstandswahl des Landesverbandes Satzungs\u00e4nderung Erlass \u00fcber den Vollzug naturschutzrechtlicher Anforderungen an die Gew\u00e4sserunterhaltung EU-Verordnung zur Wiederherstellung der Natur Niederungskompetenznetzwerk \u201eNieKo\u201c Digitales Wassermanagement \/ Modernisierungskonzept Branchenbild 2025 ver\u00f6ffentlicht Schulungen f\u00fcr&hellip;\" \/>\n<meta property=\"og:url\" content=\"https:\/\/www.lwbv.de\/lwbv\/info\/verbands-info\/\" \/>\n<meta property=\"og:site_name\" content=\"Landesverband der Wasser- und Bodenverb\u00e4nde\" \/>\n<meta property=\"article:modified_time\" content=\"2026-02-06T08:45:18+00:00\" \/>\n<meta name=\"twitter:card\" content=\"summary_large_image\" \/>\n<meta name=\"twitter:label1\" content=\"Gesch\u00e4tzte Lesezeit\" \/>\n\t<meta name=\"twitter:data1\" content=\"14\u00a0Minuten\" \/>\n<script type=\"application\/ld+json\" class=\"yoast-schema-graph\">{\"@context\":\"https:\/\/schema.org\",\"@graph\":[{\"@type\":\"WebPage\",\"@id\":\"https:\/\/www.lwbv.de\/lwbv\/info\/verbands-info\/\",\"url\":\"https:\/\/www.lwbv.de\/lwbv\/info\/verbands-info\/\",\"name\":\"Verbands-Info - Landesverband der Wasser- und Bodenverb\u00e4nde\",\"isPartOf\":{\"@id\":\"https:\/\/www.lwbv.de\/lwbv\/#website\"},\"datePublished\":\"2022-02-02T09:00:45+00:00\",\"dateModified\":\"2026-02-06T08:45:18+00:00\",\"breadcrumb\":{\"@id\":\"https:\/\/www.lwbv.de\/lwbv\/info\/verbands-info\/#breadcrumb\"},\"inLanguage\":\"de\",\"potentialAction\":[{\"@type\":\"ReadAction\",\"target\":[\"https:\/\/www.lwbv.de\/lwbv\/info\/verbands-info\/\"]}]},{\"@type\":\"BreadcrumbList\",\"@id\":\"https:\/\/www.lwbv.de\/lwbv\/info\/verbands-info\/#breadcrumb\",\"itemListElement\":[{\"@type\":\"ListItem\",\"position\":1,\"name\":\"Startseite\",\"item\":\"https:\/\/www.lwbv.de\/lwbv\/\"},{\"@type\":\"ListItem\",\"position\":2,\"name\":\"Verbands-Info\"}]},{\"@type\":\"WebSite\",\"@id\":\"https:\/\/www.lwbv.de\/lwbv\/#website\",\"url\":\"https:\/\/www.lwbv.de\/lwbv\/\",\"name\":\"Landesverband der Wasser- und Bodenverb\u00e4nde\",\"description\":\"\",\"potentialAction\":[{\"@type\":\"SearchAction\",\"target\":{\"@type\":\"EntryPoint\",\"urlTemplate\":\"https:\/\/www.lwbv.de\/lwbv\/?s={search_term_string}\"},\"query-input\":\"required name=search_term_string\"}],\"inLanguage\":\"de\"}]}<\/script>\n<!-- \/ Yoast SEO plugin. -->","yoast_head_json":{"title":"Verbands-Info - Landesverband der Wasser- und Bodenverb\u00e4nde","robots":{"index":"index","follow":"follow","max-snippet":"max-snippet:-1","max-image-preview":"max-image-preview:large","max-video-preview":"max-video-preview:-1"},"canonical":"https:\/\/www.lwbv.de\/lwbv\/info\/verbands-info\/","og_locale":"de_DE","og_type":"article","og_title":"Verbands-Info - Landesverband der Wasser- und Bodenverb\u00e4nde","og_description":"[vc_row][vc_column][vc_column_text] Verbands-Info [\/vc_column_text][\/vc_column][\/vc_row][vc_row][vc_column][vc_accordion active_tab=&#8220;1&#8243; collapsible=&#8220;yes&#8220; style=&#8220;2&#8243;][vc_accordion_tab title=&#8220;Nummer 100 vom 05.02.2026&#8243;][vc_column_text] Inhalt [\/vc_column_text][vc_row_inner][vc_column_inner width=&#8220;1\/2&#8243;][vc_column_text css=&#8220;&#8220;]Vorwort der Gesch\u00e4ftsf\u00fchrung Gru\u00dfwort des Verbandsvorstehers Hans-Heinrich Gloy Erste Sitzung des neuen Verbandsausschusses Vorstandswahl des Landesverbandes Satzungs\u00e4nderung Erlass \u00fcber den Vollzug naturschutzrechtlicher Anforderungen an die Gew\u00e4sserunterhaltung EU-Verordnung zur Wiederherstellung der Natur Niederungskompetenznetzwerk \u201eNieKo\u201c Digitales Wassermanagement \/ Modernisierungskonzept Branchenbild 2025 ver\u00f6ffentlicht Schulungen f\u00fcr&hellip;","og_url":"https:\/\/www.lwbv.de\/lwbv\/info\/verbands-info\/","og_site_name":"Landesverband der Wasser- und Bodenverb\u00e4nde","article_modified_time":"2026-02-06T08:45:18+00:00","twitter_card":"summary_large_image","twitter_misc":{"Gesch\u00e4tzte Lesezeit":"14\u00a0Minuten"},"schema":{"@context":"https:\/\/schema.org","@graph":[{"@type":"WebPage","@id":"https:\/\/www.lwbv.de\/lwbv\/info\/verbands-info\/","url":"https:\/\/www.lwbv.de\/lwbv\/info\/verbands-info\/","name":"Verbands-Info - Landesverband der Wasser- und Bodenverb\u00e4nde","isPartOf":{"@id":"https:\/\/www.lwbv.de\/lwbv\/#website"},"datePublished":"2022-02-02T09:00:45+00:00","dateModified":"2026-02-06T08:45:18+00:00","breadcrumb":{"@id":"https:\/\/www.lwbv.de\/lwbv\/info\/verbands-info\/#breadcrumb"},"inLanguage":"de","potentialAction":[{"@type":"ReadAction","target":["https:\/\/www.lwbv.de\/lwbv\/info\/verbands-info\/"]}]},{"@type":"BreadcrumbList","@id":"https:\/\/www.lwbv.de\/lwbv\/info\/verbands-info\/#breadcrumb","itemListElement":[{"@type":"ListItem","position":1,"name":"Startseite","item":"https:\/\/www.lwbv.de\/lwbv\/"},{"@type":"ListItem","position":2,"name":"Verbands-Info"}]},{"@type":"WebSite","@id":"https:\/\/www.lwbv.de\/lwbv\/#website","url":"https:\/\/www.lwbv.de\/lwbv\/","name":"Landesverband der Wasser- und Bodenverb\u00e4nde","description":"","potentialAction":[{"@type":"SearchAction","target":{"@type":"EntryPoint","urlTemplate":"https:\/\/www.lwbv.de\/lwbv\/?s={search_term_string}"},"query-input":"required name=search_term_string"}],"inLanguage":"de"}]}},"_links":{"self":[{"href":"https:\/\/www.lwbv.de\/lwbv\/wp-json\/wp\/v2\/pages\/21"}],"collection":[{"href":"https:\/\/www.lwbv.de\/lwbv\/wp-json\/wp\/v2\/pages"}],"about":[{"href":"https:\/\/www.lwbv.de\/lwbv\/wp-json\/wp\/v2\/types\/page"}],"author":[{"embeddable":true,"href":"https:\/\/www.lwbv.de\/lwbv\/wp-json\/wp\/v2\/users\/1"}],"replies":[{"embeddable":true,"href":"https:\/\/www.lwbv.de\/lwbv\/wp-json\/wp\/v2\/comments?post=21"}],"version-history":[{"count":56,"href":"https:\/\/www.lwbv.de\/lwbv\/wp-json\/wp\/v2\/pages\/21\/revisions"}],"predecessor-version":[{"id":3115,"href":"https:\/\/www.lwbv.de\/lwbv\/wp-json\/wp\/v2\/pages\/21\/revisions\/3115"}],"wp:attachment":[{"href":"https:\/\/www.lwbv.de\/lwbv\/wp-json\/wp\/v2\/media?parent=21"}],"curies":[{"name":"wp","href":"https:\/\/api.w.org\/{rel}","templated":true}]}}