{"id":23,"date":"2018-04-12T12:29:14","date_gmt":"2018-04-12T10:29:14","guid":{"rendered":"http:\/\/lwbv.de.lot\/?page_id=23"},"modified":"2026-04-07T09:09:57","modified_gmt":"2026-04-07T07:09:57","slug":"eu-verbaende","status":"publish","type":"page","link":"https:\/\/www.lwbv.de\/lwbv\/mitglieder\/bearbeitungsgebietsverbaende\/","title":{"rendered":"Bearbeitungsgebietsverb\u00e4nde"},"content":{"rendered":"<div class=\"wpb-content-wrapper\"><p>[vc_row][vc_column][vc_column_text]<\/p>\n<h1>Bearbeitungsgebietsverb\u00e4nde<\/h1>\n<p>Der Landesverband betreut rund 500 Wasser- und Bodenverb\u00e4nde mit \u00fcberwiegend ehrenamtlicher Verwaltung. Deshalb werden hier aus R\u00fccksicht der Privatsph\u00e4re der Verbandsvorsteher nicht alle Adressen ver\u00f6ffentlicht, sondern nur Kontakte zur hauptamtlichen Verwaltung wiedergegeben.<\/p>\n<p>&nbsp;<\/p>\n<p><strong>Eine \u00dcbersicht der Bearbeitungsgebiete (Karte) finden Sie <\/strong><a href=\"https:\/\/www.lwbv.de\/lwbv\/wp-content\/uploads\/2022\/09\/BGV-in-bunt-aus-dem-AWGV-1.png\" target=\"_blank\" rel=\"noopener\"><strong>HIER<\/strong><\/a>[\/vc_column_text][vc_row_inner][vc_column_inner width=&#8220;1\/4&#8243; offset=&#8220;vc_col-lg-3 vc_col-md-offset-0 vc_col-md-6&#8243;][vc_column_text]<\/p>\n<h2>Bearbeitungsgebiet 1<\/h2>\n<h3>Gew\u00e4sser- und Landschaftsverband Nordfriesische Inseln, Halligen und S\u00fcdwesth\u00f6rn<\/h3>\n<p>Verbandsvorsteher Ernst August Thams<\/p>\n<p><strong>Gesch\u00e4ftsf\u00fchrung:<\/strong><br \/>\nDeich- und Hauptsielverband S\u00fcdwesth\u00f6rn-Bongsiel<br \/>\nHeie-Juuler-W\u00e4i 1<br \/>\n25920 Risum-Lindholm<\/p>\n<p>Tel.: 04661-6003-10<br \/>\nFax: 04661-6003-15<br \/>\nE-Mail: <a href=\"mailto:info@deichbauamt.de\">info@deichbauamt.de<\/a>[\/vc_column_text][\/vc_column_inner][vc_column_inner width=&#8220;1\/4&#8243; offset=&#8220;vc_col-lg-3 vc_col-md-offset-0 vc_col-md-6&#8243;][vc_column_text]<\/p>\n<h2>Bearbeitungsgebiet 2<\/h2>\n<h3>Gew\u00e4sser- und Landschaftsverband Gotteskoog<\/h3>\n<p>Verbandsvorsteher<br \/>\nKarl Theodor Thomsen<\/p>\n<p><strong>Gesch\u00e4ftsf\u00fchrung:<\/strong><br \/>\nDeich- und Hauptsielverband S\u00fcdwesth\u00f6rn-Bongsiel<br \/>\nHeie-Juuler-W\u00e4i 1<br \/>\n25920 Risum-Lindholm<\/p>\n<p>Tel.: 04661-6003-10<br \/>\nFax: 04661-6003-15<br \/>\nE-Mail: <a href=\"mailto:info@deichbauamt.de\">info@deichbauamt.de<\/a>[\/vc_column_text][\/vc_column_inner][vc_column_inner width=&#8220;1\/4&#8243; offset=&#8220;vc_col-lg-3 vc_col-md-offset-0 vc_col-md-6&#8243;][vc_column_text]<\/p>\n<h2>Bearbeitungsgebiet 3<\/h2>\n<h3>Gew\u00e4sser- und Landschaftsverband Bongsieler Kanal<\/h3>\n<p>Verbandsvorsteher Nicolaus Thomsen<\/p>\n<p><strong>Gesch\u00e4ftsf\u00fchrung:<\/strong><br \/>\nDeich- und Hauptsielverband S\u00fcdwesth\u00f6rn-Bongsiel<br \/>\nHeie-Juuler-W\u00e4i 1<br \/>\n25920 Risum-Lindholm<\/p>\n<p>Tel.: 04661-6003-10<br \/>\nFax: 04661-6003-15<br \/>\nE-Mail: <a href=\"mailto:info@deichbauamt.de\">info@deichbauamt.de<\/a>[\/vc_column_text][\/vc_column_inner][vc_column_inner width=&#8220;1\/4&#8243; offset=&#8220;vc_col-lg-3 vc_col-md-offset-0 vc_col-md-6&#8243;][vc_column_text]<\/p>\n<h2>Bearbeitungsgebiet 4<\/h2>\n<h3>Wasser- und Bodenverband Bearbeitungsgebiet Arlau<\/h3>\n<p>Verbandsvorsteher Johannes Clausen<\/p>\n<p><strong>Gesch\u00e4ftsf\u00fchrung:<\/strong><br \/>\nAmt Vi\u00f6l<br \/>\nWesterende 41<br \/>\n25884 Vi\u00f6l<\/p>\n<p>Tel.: 04843-2090-31<br \/>\nFax: 04843-2090-70<br \/>\nE-mail: <a href=\"mailto:wbvbgarlau@amt-vioel.de\" target=\"_blank\" rel=\"noopener\">wbvbgarlau@amt-vioel.de<\/a>[\/vc_column_text][\/vc_column_inner][\/vc_row_inner][\/vc_column][\/vc_row][vc_row full_width=&#8220;stretch_row&#8220; bg_type=&#8220;bg_color&#8220; bg_color_value=&#8220;#f4f6fa&#8220;][vc_column][vc_row_inner][vc_column_inner width=&#8220;1\/4&#8243; offset=&#8220;vc_col-lg-3 vc_col-md-offset-0 vc_col-md-6&#8243;][vc_column_text]<\/p>\n<h2>Bearbeitungsgebiet 5<\/h2>\n<h3>Gew\u00e4sser- und Landschaftsverband Husumer Au und N\u00f6rdliches Eiderstedt<\/h3>\n<p class=\"fett-gruen\"><span class=\"normal\">Verbandsvorsteher Reiner Nielsen<br \/>\n<\/span><\/p>\n<p><strong>Gesch\u00e4ftsf\u00fchrung:<\/strong><br \/>\nDeich- und Hauptsielverband Eiderstedt<br \/>\nPoppenb\u00fcller Stra\u00dfe 13<br \/>\n25836 Garding<\/p>\n<p>Tel.: 04862-104460<br \/>\nFax: 04862-1044699<br \/>\nE-mail:\u00a0<a href=\"mailto:info@dhsv-eiderstedt.de\">info@dhsv-eiderstedt.de<\/a>[\/vc_column_text][\/vc_column_inner][vc_column_inner width=&#8220;1\/4&#8243; offset=&#8220;vc_col-lg-3 vc_col-md-offset-0 vc_col-md-6&#8243;][vc_column_text css=&#8220;&#8220;]<\/p>\n<h2>Bearbeitungsgebiet 6<\/h2>\n<h3>Gew\u00e4sser- und Landschaftsverband Treene<\/h3>\n<p class=\"fett-gruen\"><span class=\"normal\">Verbandsvorsteher Peter Esperm\u00fcller<\/span><\/p>\n<p><strong>Gesch\u00e4ftsf\u00fchrung:<br \/>\n<\/strong>Eider-Treene-Verband<br \/>\nHauptstra\u00dfe 1<br \/>\n25794 Pahlen<\/p>\n<p class=\"normal\">Tel.: 04803-501<br \/>\nFax: 04803-587<br \/>\nE-mail:\u00a0<a href=\"mailto:info@eider-treene-verband.de\">info@eider-treene-verband.de<\/a><\/p>\n<p>[\/vc_column_text][\/vc_column_inner][vc_column_inner width=&#8220;1\/4&#8243; offset=&#8220;vc_col-lg-3 vc_col-md-offset-0 vc_col-md-6&#8243;][vc_column_text css=&#8220;&#8220;]<\/p>\n<h2>Bearbeitungsgebiet 7<\/h2>\n<h3>Gew\u00e4sser- und Landschaftsverband Mittellauf-Eider<\/h3>\n<p class=\"fett-gruen\"><span class=\"normal\">Verbandsvorsteher Jan Hinrich Seebrandt<\/span><\/p>\n<p><strong>Gesch\u00e4ftsf\u00fchrung:<br \/>\n<\/strong>Eider-Treene-Verband<br \/>\nHauptstr. 1<br \/>\n25794 Pahlen<\/p>\n<p class=\"normal\">Tel.: 04803-501<br \/>\nFax: 04803-587<br \/>\nE-mail:\u00a0<a href=\"mailto:info@eider-treene-verband.de\">info@eider-treene-verband.de<\/a><\/p>\n<p>[\/vc_column_text][\/vc_column_inner][vc_column_inner width=&#8220;1\/4&#8243; offset=&#8220;vc_col-lg-3 vc_col-md-offset-0 vc_col-md-6&#8243;][vc_column_text]<\/p>\n<h2>Bearbeitungsgebiet 8<\/h2>\n<h3>Gew\u00e4sser- und Landschaftsverband Tide-Eider<\/h3>\n<p class=\"fett-gruen\"><span class=\"normal\">Verbandsvorsteher Hans-Rudolf Heinsohn<\/span><\/p>\n<p><strong>Gesch\u00e4ftsf\u00fchrung:<br \/>\n<\/strong>Deich- und Hauptsielverband Eiderstedt<br \/>\nPoppenb\u00fcller Stra\u00dfe 13<br \/>\n25836 Garding<\/p>\n<p class=\"normal\">Tel.: 04862-104460<br \/>\nFax: 04862-1044699<br \/>\nE-mail:\u00a0<a href=\"mailto:info@dhsv-eiderstedt.de\">info@dhsv-eiderstedt.de<\/a>[\/vc_column_text][\/vc_column_inner][\/vc_row_inner][\/vc_column][\/vc_row][vc_row][vc_column width=&#8220;1\/4&#8243; offset=&#8220;vc_col-lg-3 vc_col-md-offset-0 vc_col-md-6&#8243;][vc_column_text]<\/p>\n<h2>Bearbeitungsgebiet 9<\/h2>\n<h3>Bearbeitungsgebietsverband Miele<\/h3>\n<p>Verbandsvorsteher Peter Matthias von Hemm<\/p>\n<p><strong>Gesch\u00e4ftsf\u00fchrung:<br \/>\n<\/strong>Deich- und Hauptsielverband Dithmarschen<br \/>\nMeldorfer Str. 17<br \/>\n25770 Hemmingstedt<\/p>\n<p>Tel.: 0481-68080<br \/>\nFax: 0481-680860<br \/>\nE-mail:\u00a0<a href=\"mailto:info@dhsv-dithmarschen.de\">info@dhsv-dithmarschen.de<\/a>[\/vc_column_text][\/vc_column][vc_column width=&#8220;1\/4&#8243; offset=&#8220;vc_col-lg-3 vc_col-md-offset-0 vc_col-md-6&#8243;][vc_column_text]<\/p>\n<h2>Bearbeitungsgebiet 10<\/h2>\n<h3><span class=\"fett-gruen\">Bearbeitungsgebiet Obere Eider<\/span><\/h3>\n<p>Verbandsvorsteher\u00a0Dirk Naeve<\/p>\n<p><strong>Gesch\u00e4ftsf\u00fchrung:<br \/>\n<\/strong>Deich- und Hauptsielverband Dithmarschen<br \/>\nMeldorfer Str. 17<br \/>\n25770 Hemmingstedt<\/p>\n<p>Tel.: 0481-68080<br \/>\nFax: 0481-680860<br \/>\nE-mail:\u00a0<a href=\"mailto:info@dhsv-dithmarschen.de\">info@dhsv-dithmarschen.de<\/a>[\/vc_column_text][\/vc_column][vc_column width=&#8220;1\/4&#8243; offset=&#8220;vc_col-lg-3 vc_col-md-offset-0 vc_col-md-6&#8243;][vc_column_text]<\/p>\n<h2>Bearbeitungsgebiet 11<\/h2>\n<h3><span class=\"fett-gruen\">Bearbeitungsgebietsverband Wehrau\/Haalerau<\/span><\/h3>\n<p>Verbandsvorsteher Dirk Markus Vierth<\/p>\n<p><strong>Gesch\u00e4ftsf\u00fchrung:<br \/>\n<\/strong>Detlef G\u00f6ttsche<br \/>\nKanalredder 20<br \/>\n24783 Osterr\u00f6nfeld<\/p>\n<p>Tel.: 04331-89240<br \/>\nFax:<br \/>\nE-mail:\u00a0<a href=\"mailto:goettsche@foni.net\">goettschewbv@kabelmail.de<\/a>[\/vc_column_text][\/vc_column][vc_column width=&#8220;1\/4&#8243; offset=&#8220;vc_col-lg-3 vc_col-md-offset-0 vc_col-md-6&#8243;][vc_column_text]<\/p>\n<h2>Bearbeitungsgebiet 12<\/h2>\n<h3><span class=\"fett-gruen\">Bearbeitungsgebietsverband<br \/>\nNOK-S\u00fcd<\/span><\/h3>\n<p>Verbandsvorsteher<br \/>\nHans Hermann Karstens<\/p>\n<p><strong>Gesch\u00e4ftsf\u00fchrung:<br \/>\n<\/strong>Deich- und Hauptsielverband Dithmarschen<br \/>\nMeldorfer Str. 17<br \/>\n25770 Hemmingstedt<\/p>\n<p>Tel.: 0481-68080<br \/>\nFax: 0481-680860<br \/>\nE-mail:\u00a0<a href=\"mailto:info@dhsv-dithmarschen.de\">info@dhsv-dithmarschen.de<\/a>[\/vc_column_text][\/vc_column][\/vc_row][vc_row full_width=&#8220;stretch_row&#8220; bg_type=&#8220;bg_color&#8220; bg_color_value=&#8220;#f4f6fa&#8220;][vc_column][vc_row_inner][vc_column_inner width=&#8220;1\/4&#8243; offset=&#8220;vc_col-lg-3 vc_col-md-offset-0 vc_col-md-6&#8243;][vc_column_text css=&#8220;&#8220;]<\/p>\n<h2>Bearbeitungsgebiet 13<\/h2>\n<h3><span class=\"fett-gruen\">Bearbeitungsgebietsverband Oberlauf St\u00f6r<\/span><\/h3>\n<p>Verbandsvorsteher Hans-Heinrich Gloy<\/p>\n<p><strong>Gesch\u00e4ftsf\u00fchrung:<br \/>\n<\/strong>G\u00fcnter Maa\u00df<br \/>\nStrohwiese 16<br \/>\n25590 Osterstedt<\/p>\n<p>Tel.: 04874-903343<br \/>\nFax: 04874-900316<br \/>\nE-mail: <a href=\"mailto:bgvoberlaufstoer@gmail.com\">bgvoberlaufstoer@gmail.com<\/a>[\/vc_column_text][\/vc_column_inner][vc_column_inner width=&#8220;1\/4&#8243; offset=&#8220;vc_col-lg-3 vc_col-md-offset-0 vc_col-md-6&#8243;][vc_column_text]<\/p>\n<h2>Bearbeitungsgebiet 14<\/h2>\n<h3><span class=\"fett-gruen\">Bearbeitungsgebietsverband Brokstedter Au<\/span><\/h3>\n<p>Verbandsvorsteher Gerard Geuer<\/p>\n<p><strong>Gesch\u00e4ftsf\u00fchrung:<br \/>\n<\/strong>Wasserbeschaffungsverband Mittleres St\u00f6rgebiet<br \/>\nSiek 60<br \/>\n24616 Brokstedt<\/p>\n<p>Tel.:\u00a004324-88240-0 (Zentrale)<br \/>\nFax: 04324-88240-24 (Zentrale)<br \/>\nE-mail:\u00a0<a href=\"mailto:info-verbaende@wbv-brokstedt.de\" target=\"_blank\" rel=\"noopener\">info-verbaende@wbv-brokstedt.de<\/a>[\/vc_column_text][\/vc_column_inner][vc_column_inner width=&#8220;1\/4&#8243; offset=&#8220;vc_col-lg-3 vc_col-md-offset-0 vc_col-md-6&#8243;][vc_column_text]<\/p>\n<h2>Bearbeitungsgebiet 15<\/h2>\n<h3><span class=\"fett-gruen\">Bearbeitungsgebietsverband<br \/>\nBramau<\/span><\/h3>\n<p>Verbandsvorsteher Hans Kr\u00f6ger<\/p>\n<p><strong>Gesch\u00e4ftsf\u00fchrung:<br \/>\n<\/strong>Amt Leezen (Frau Monique Noack)<br \/>\nHamburger Stra\u00dfe 28<br \/>\n23816 Leezen<\/p>\n<p>Tel.: 04552 &#8211; 997730<br \/>\nFax: 04552 &#8211; 997725<br \/>\nE-mail: <a href=\"mailto:bgv-bramau@amt-leezen.de\" target=\"_blank\" rel=\"noopener\">bgv-bramau@amt-leezen.de<\/a>[\/vc_column_text][\/vc_column_inner][vc_column_inner width=&#8220;1\/4&#8243; offset=&#8220;vc_col-lg-3 vc_col-md-offset-0 vc_col-md-6&#8243;][vc_column_text]<\/p>\n<h2>Bearbeitungsgebiet 16<\/h2>\n<h3><span class=\"fett-gruen\">Bearbeitungsgebietsverband Mittellauf St\u00f6r<\/span><\/h3>\n<p>Verbandsvorsteher Hans-Heinrich Gloy<\/p>\n<p><strong>Gesch\u00e4ftsf\u00fchrung:<br \/>\n<\/strong>DHSV S\u00fcdwestholstein<br \/>\nStefan Witt<br \/>\nDeutsch-Ordens-Stra\u00dfe 2a<br \/>\n25551 Hohenlockstedt<\/p>\n<p>Tel: 04826 &#8211; 3767399<br \/>\nFax:\u00a004826 &#8211; 3768363<br \/>\nE-mail:\u00a0<a href=\"mailto:info@dhsv-swh.de\" target=\"_blank\" rel=\"noopener\">info@dhsv-swh.de<\/a>[\/vc_column_text][\/vc_column_inner][\/vc_row_inner][\/vc_column][\/vc_row][vc_row][vc_column width=&#8220;1\/4&#8243; offset=&#8220;vc_col-lg-3 vc_col-md-offset-0 vc_col-md-6&#8243;][vc_column_text]<\/p>\n<h2>Bearbeitungsgebiet 17<\/h2>\n<h3><span class=\"fett-gruen\">Gew\u00e4sserverband Unterlauf St\u00f6r<\/span><\/h3>\n<p>Verbandsvorsteher Harald Wendtland<\/p>\n<p><strong>Gesch\u00e4ftsf\u00fchrung:<br \/>\n<\/strong>Deich- und Hauptsielverband Krempermarsch<br \/>\nBlomestra\u00dfe 60<br \/>\n25524 Heiligenstedten<\/p>\n<p>Tel.: 04821-403938-0<br \/>\nFax: 04821-403938-9<br \/>\nE-mail:\u00a0<a href=\"mailto:info@dhsv-krempermarsch.de\">info@dhsv-krempermarsch.de<\/a>[\/vc_column_text][\/vc_column][vc_column width=&#8220;1\/4&#8243; offset=&#8220;vc_col-lg-3 vc_col-md-offset-0 vc_col-md-6&#8243;][vc_column_text]<\/p>\n<h2>Bearbeitungsgebiet 18<\/h2>\n<h3><span class=\"fett-gruen\">Gew\u00e4sserverband Kr\u00fcckau<\/span><\/h3>\n<p>Verbandsvorsteher Karl-Heinz Bonnhoff<\/p>\n<p><strong>Gesch\u00e4ftsf\u00fchrung:<br \/>\n<\/strong>Gew\u00e4sser- und Landschaftsverband im Kreis Pinneberg<br \/>\nHauptstra\u00dfe 23<br \/>\n25489 Haseldorf<\/p>\n<p>Tel.: 04129-9569735<br \/>\nFax: 04129-9557193<\/p>\n<p>Email:\u00a0<a href=\"mailto:gulv-pinneberg@t-online.de\" target=\"_blank\" rel=\"noopener\">info@gulv-pi.de<\/a><br \/>\nHomepage: <a href=\"https:\/\/gulv-pi.de\" target=\"_blank\" rel=\"noopener\">https:\/\/gulv-pi.de<\/a>[\/vc_column_text][\/vc_column][vc_column width=&#8220;1\/4&#8243; offset=&#8220;vc_col-lg-3 vc_col-md-offset-0 vc_col-md-6&#8243;][vc_column_text]<\/p>\n<h2>Bearbeitungsgebiet 19<\/h2>\n<h3><span class=\"fett-gruen\">Gew\u00e4sserverband Pinnau<\/span><\/h3>\n<p>Verbandsvorsteher<br \/>\nPrinz von Schoenaich-Carolath-Schilden<\/p>\n<p><strong>Gesch\u00e4ftsf\u00fchrung:<br \/>\n<\/strong>Gew\u00e4sser- und Landschaftsverband im Kreis Pinneberg<br \/>\nHauptstra\u00dfe 23<br \/>\n25489 Haseldorf<\/p>\n<p>Tel.: 04129-9569735<\/p>\n<p>Email:\u00a0<a href=\"mailto:gulv-pinneberg@t-online.de\">info@gulv-pi.de<\/a><br \/>\nHomepage: <a href=\"https:\/\/gulv-pi.de\" target=\"_blank\" rel=\"noopener\">https:\/\/gulv-pi.de<\/a>[\/vc_column_text][\/vc_column][vc_column width=&#8220;1\/4&#8243; offset=&#8220;vc_col-lg-3 vc_col-md-offset-0 vc_col-md-6&#8243;][vc_column_text]<\/p>\n<h2>Bearbeitungsgebiet 20<\/h2>\n<h3><span class=\"fett-gruen\">Bearbeitungsgebietsverband Alster<\/span><\/h3>\n<p>Verbandsvorsteher Klaus M\u00f6ller<\/p>\n<p><strong>Gesch\u00e4ftsf\u00fchrung:<br \/>\n<\/strong>Gew\u00e4sserunterhaltungsverband Trave<br \/>\nAn der Autobahn 1<br \/>\n23619 Hamberge<\/p>\n<p>Tel.: \u00a00451 \/ 120 279-90<br \/>\nE-mail: <a href=\"mailto:guvtrave@gmail.com\" target=\"_blank\" rel=\"noopener\">guvtrave@gmail.com<\/a>[\/vc_column_text][\/vc_column][\/vc_row][vc_row full_width=&#8220;stretch_row&#8220; bg_type=&#8220;bg_color&#8220; bg_color_value=&#8220;#f4f6fa&#8220;][vc_column width=&#8220;1\/4&#8243; offset=&#8220;vc_col-lg-3 vc_col-md-offset-0 vc_col-md-6&#8243;][vc_column_text]<\/p>\n<h2>Bearbeitungsgebiet 21<\/h2>\n<h3><span class=\"fett-gruen\">Gew\u00e4sserentwicklungsverband<br \/>\nBille<\/span><\/h3>\n<p>Verbandsvorsteher Erich P\u00fcst<\/p>\n<p><strong>Gesch\u00e4ftsf\u00fchrung:<br \/>\n<\/strong>Gew\u00e4sser- und Landschaftsverband<br \/>\nHerzogtum Lauenburg<br \/>\nRobert-Bosch-Str. 21a<br \/>\n23909 Ratzeburg<\/p>\n<p>Tel.: 04541\/857088-0<br \/>\nFax: 04541\/857088-1<br \/>\nE-mail:\u00a0<a href=\"mailto:info@glv-rz.de\">info@glv-rz.de<\/a>[\/vc_column_text][\/vc_column][vc_column width=&#8220;1\/4&#8243; offset=&#8220;vc_col-lg-3 vc_col-md-offset-0 vc_col-md-6&#8243;][vc_column_text]<\/p>\n<h2>Bearbeitungsgebiet 22<\/h2>\n<h3><span class=\"fett-gruen\">Gew\u00e4sserentwicklungsverband Schaalsee-Delvenau<\/span><\/h3>\n<p>Verbandsvorsteher G\u00fcnter Mund<\/p>\n<p><strong>Gesch\u00e4ftsf\u00fchrung:<br \/>\n<\/strong>Gew\u00e4sser- und Landschaftsverband<br \/>\nHerzogtum Lauenburg<br \/>\nRobert-Bosch-Str. 21a<br \/>\n23909 Ratzeburg<\/p>\n<p>Tel.: 04541\/857088-0<br \/>\nFax: 04541\/857088-1<br \/>\nE-mail:\u00a0<a href=\"mailto:info@glv-rz.de\">info@glv-rz.de<\/a>[\/vc_column_text][\/vc_column][vc_column width=&#8220;1\/4&#8243; offset=&#8220;vc_col-lg-3 vc_col-md-offset-0 vc_col-md-6&#8243;][vc_column_text]<\/p>\n<h2>Bearbeitungsgebiet 23<\/h2>\n<h3><span class=\"fett-gruen\">Gew\u00e4sser- und Landschaftsverband Flensburger F\u00f6rde<\/span><\/h3>\n<p>Verbandsvorsteher Karl-Henning Diederichsen<\/p>\n<p><strong>Gesch\u00e4ftsf\u00fchrung:<br \/>\n<\/strong>Dr. H.H. Hennings<br \/>\nAQUA_planung<br \/>\nIngenieurb\u00fcro f\u00fcr Bodenkunde und Wasserwirtschaft<br \/>\nBremholm 13<br \/>\n24996 Sterup<\/p>\n<p>Tel.: 04637-963322<br \/>\nFax: 04637-963311<br \/>\nE-Mail:\u00a0<a href=\"mailto:info@AQUA-planung.de\">info@AQUA-planung.de<\/a>[\/vc_column_text][\/vc_column][vc_column width=&#8220;1\/4&#8243; offset=&#8220;vc_col-lg-3 vc_col-md-offset-0 vc_col-md-6&#8243;][vc_column_text]<\/p>\n<h2>Bearbeitungsgebiet 24<\/h2>\n<h3><span class=\"fett-gruen\">Gew\u00e4sser- und Landschaftsverband Schlei<\/span><\/h3>\n<p>Verbandsvorsteher Hans-S\u00f6ren Petersen<\/p>\n<p><strong>Gesch\u00e4ftsf\u00fchrung:<br \/>\n<\/strong>Wasser- und Bodenverband<br \/>\nAngelner Auen<br \/>\nTeam Allee 4-8<br \/>\n24392 S\u00fcderbrarup<\/p>\n<p>Tel.: 04641-529<br \/>\nFax: 04641-1290<br \/>\nE-mail: <a title=\"mailto:info@wabov-daa.de\" contenteditable=\"false\" href=\"mailto:info@wabov-daa.de\">info@wabov-daa.de<\/a>[\/vc_column_text][\/vc_column][\/vc_row][vc_row][vc_column width=&#8220;1\/4&#8243; offset=&#8220;vc_col-lg-3 vc_col-md-offset-0 vc_col-md-6&#8243;][vc_column_text]<\/p>\n<h2>Bearbeitungsgebiet 25<\/h2>\n<h3><span class=\"fett-gruen\">Bearbeitungsgebietsverband Eckernf\u00f6rder Bucht<\/span><\/h3>\n<p>Verbandsvorsteher Thorsten Mi\u00dffeldt<\/p>\n<p><strong>Gesch\u00e4ftsf\u00fchrung:<br \/>\n<\/strong>Dr. H.H. Hennings<br \/>\nAQUA_planung<br \/>\nIngenieurb\u00fcro f\u00fcr Bodenkunde und Wasserwirtschaft<br \/>\nBremholm 13<br \/>\n24996 Sterup<\/p>\n<p>Tel.: 04637-963322<br \/>\nFax: 04637-963311<br \/>\nE-Mail:\u00a0<a href=\"mailto:info@AQUA-planung.de\">info@AQUA-planung.de<\/a>[\/vc_column_text][\/vc_column][vc_column width=&#8220;1\/4&#8243; offset=&#8220;vc_col-lg-3 vc_col-md-offset-0 vc_col-md-6&#8243;][vc_column_text]<\/p>\n<h2>Bearbeitungsgebiet 26<\/h2>\n<h3><span class=\"fett-gruen\">Gew\u00e4sserbewirtschaftungsverband Baltic-Schwentine<\/span><\/h3>\n<p>Verbandsvorsteher Kai Johansson<\/p>\n<p><strong>Gesch\u00e4ftsf\u00fchrung:<br \/>\n<\/strong>Wasser- und Bodenverband<br \/>\nOstholstein<br \/>\nOberonstr. 1<br \/>\n23701 Eutin<\/p>\n<p>Tel.: 04521-706900<br \/>\nFax: 04521-7069020<br \/>\nE-mail::\u00a0<a href=\"mailto:info@wbv-oh.de\">info@wbv-oh.de<\/a>[\/vc_column_text][\/vc_column][vc_column width=&#8220;1\/4&#8243; offset=&#8220;vc_col-lg-3 vc_col-md-6&#8243;][vc_column_text]<\/p>\n<h2>Bearbeitungsgebiet 27<\/h2>\n<h3><span class=\"fett-gruen\">Bearbeitungsgebietsverband<br \/>\nBaltic-Probstei<\/span><\/h3>\n<p>Verbandsvorsteher\u00a0Helmut Franzen<\/p>\n<p><strong>Gesch\u00e4ftsf\u00fchrung:<br \/>\n<\/strong>Wasser- und Bodenverband<br \/>\nOstholstein<br \/>\nOberonstr. 1<br \/>\n23701 Eutin<\/p>\n<p>Tel.: 04521-706900<br \/>\nFax: 04521-7069020<br \/>\nE-mail::\u00a0<a href=\"mailto:info@wbv-oh.de\">info@wbv-oh.de<\/a>[\/vc_column_text][\/vc_column][vc_column width=&#8220;1\/4&#8243; offset=&#8220;vc_col-lg-3 vc_col-md-6&#8243;][vc_column_text]<\/p>\n<h2>Bearbeitungsgebiet 28<\/h2>\n<h3><span class=\"fett-gruen\">Bearbeitungsgebietsverband Wagrien-Fehmarn<\/span><\/h3>\n<p>Verbandsvorsteher Klaus-Dieter Blanck<\/p>\n<p><strong>Gesch\u00e4ftsf\u00fchrung:<br \/>\n<\/strong>Gew\u00e4sser- und Landschaftsverband Wagrien-Fehmarn<br \/>\nHeiligenhafener Chaussee 35a<br \/>\n23758 Oldenburg<\/p>\n<p>Tel.: 04361-5077-50<br \/>\nFax: 04361-5077-55<br \/>\nE-mail:\u00a0<a href=\"mailto:info@gulv.de\">info@gulv.de<\/a>[\/vc_column_text][\/vc_column][\/vc_row][vc_row full_width=&#8220;stretch_row&#8220; bg_type=&#8220;bg_color&#8220; bg_color_value=&#8220;#f4f6fa&#8220;][vc_column width=&#8220;1\/4&#8243; offset=&#8220;vc_col-lg-3 vc_col-md-offset-0 vc_col-md-6&#8243;][vc_column_text]<\/p>\n<h2>Bearbeitungsgebiet 29<\/h2>\n<h3><span class=\"fett-gruen\">Gew\u00e4sserbewirtschaftungsverband Baltic-Neust\u00e4dter Bucht<\/span><\/h3>\n<p>Verbandsvorsteher Rolf Karstens<\/p>\n<p><strong>Gesch\u00e4ftsf\u00fchrung:<br \/>\n<\/strong>Wasser- und Bodenverband Neust\u00e4dter Binnenwasser<br \/>\nBr\u00fcckstra\u00dfe 13<br \/>\n23730 Neustadt<\/p>\n<p>Tel.: 04561 &#8211; 6371<br \/>\nE-mail:\u00a0<a href=\"mailto:mail@gbv-baltic.de\">mail@gbv-baltic.de<\/a>[\/vc_column_text][\/vc_column][vc_column width=&#8220;1\/4&#8243; offset=&#8220;vc_col-lg-3 vc_col-md-offset-0 vc_col-md-6&#8243;][vc_column_text]<\/p>\n<h2>Bearbeitungsgebiet 30<\/h2>\n<h3><span class=\"fett-gruen\">Bearbeitungsgebietsverband<br \/>\nObere Trave<\/span><\/h3>\n<p>Stellv. Verbandsvorsteher Detlef Rohweder<\/p>\n<p><strong>Gesch\u00e4ftsf\u00fchrung:<br \/>\n<\/strong>Amt Trave-Land<br \/>\nWaldemar-v.-Mohl-Str. 10 (Johanna Schl\u00f6ke)<br \/>\n23795 Bad Segeberg<\/p>\n<p>Tel.: 04551-990820<br \/>\nFax: 04551-9908720<br \/>\nE-mail: <a href=\"mailto:johanna.schloeke@amt-trave-land.de\">johanna.schloeke@amt-trave-land.de<\/a>[\/vc_column_text][\/vc_column][vc_column width=&#8220;1\/4&#8243; offset=&#8220;vc_col-lg-3 vc_col-md-offset-0 vc_col-md-6&#8243;][vc_column_text]<\/p>\n<h2>Bearbeitungsgebiet 31<\/h2>\n<h3><span class=\"fett-gruen\">Bearbeitungsgebietsverband Mittlere Trave<\/span><\/h3>\n<p>Verbandsvorsteher Gustav Stoffers<\/p>\n<p><strong>Gesch\u00e4ftsf\u00fchrung:<br \/>\n<\/strong>Gew\u00e4sserunterhaltungsverband Trave<br \/>\nAn der Autobahn 1<br \/>\n23619 Hamberge<\/p>\n<p>Tel.: \u00a00451 \/ 120 279-90<br \/>\nE-mail: <a href=\"mailto:guvtrave@gmail.com\" target=\"_blank\" rel=\"noopener\">guvtrave@gmail.com<\/a>[\/vc_column_text][\/vc_column][vc_column width=&#8220;1\/4&#8243; offset=&#8220;vc_col-lg-3 vc_col-md-offset-0 vc_col-md-6&#8243;][vc_column_text]<\/p>\n<h2>Bearbeitungsgebiet 32\/33<\/h2>\n<h3><span class=\"fett-gruen\">Gew\u00e4sserentwicklungsverband Stecknitz-Trave<\/span><\/h3>\n<p>Verbandsvorsteher Wolfgang Pagel<\/p>\n<p><strong>Gesch\u00e4ftsf\u00fchrung:<br \/>\n<\/strong>Gew\u00e4sser- und Landschaftsverband<br \/>\nHerzogtum Lauenburg<br \/>\nRobert-Bosch-Str. 21a<br \/>\n23909 Ratzeburg<\/p>\n<p>Tel.: 04541\/857088-0<br \/>\nFax: 04541\/857088-1<br \/>\nE-mail:\u00a0<a href=\"mailto:info@glv-rz.de\">info@glv-rz.de<\/a>[\/vc_column_text][\/vc_column][\/vc_row][vc_row][vc_column width=&#8220;1\/4&#8243; offset=&#8220;vc_col-lg-3 vc_col-md-offset-0 vc_col-md-6&#8243;][vc_column_text]<\/p>\n<h2>Bearbeitungsgebiet 34<\/h2>\n<h3><span class=\"fett-gruen\">Wasser- und Bodenverband Schwartau<\/span><\/h3>\n<p>Verbandsvorsteher Robert Muus<\/p>\n<p><strong>Gesch\u00e4ftsf\u00fchrung:<br \/>\n<\/strong>Wasser- und Bodenverband<br \/>\nOstholstein<br \/>\nOberonstr. 1<br \/>\n23701 Eutin<\/p>\n<p>Tel.: 04521-706900<br \/>\nFax: 04521-7069020<br \/>\nE-mail: :\u00a0<a href=\"mailto:info@wbv-oh.de\">info@wbv-oh.de<\/a>[\/vc_column_text][\/vc_column][vc_column width=&#8220;1\/4&#8243; offset=&#8220;vc_col-lg-3 vc_col-md-offset-0 vc_col-md-6&#8243;][\/vc_column][vc_column width=&#8220;1\/4&#8243; offset=&#8220;vc_col-lg-3 vc_col-md-offset-0 vc_col-md-6&#8243;][\/vc_column][vc_column width=&#8220;1\/4&#8243; offset=&#8220;vc_col-lg-3 vc_col-md-offset-0 vc_col-md-6&#8243;][\/vc_column][\/vc_row]<\/p>\n<\/div>","protected":false},"excerpt":{"rendered":"<p>[vc_row][vc_column][vc_column_text] Bearbeitungsgebietsverb\u00e4nde Der Landesverband betreut rund 500 Wasser- und Bodenverb\u00e4nde mit \u00fcberwiegend ehrenamtlicher Verwaltung. Deshalb werden hier aus R\u00fccksicht der Privatsph\u00e4re der Verbandsvorsteher nicht alle Adressen ver\u00f6ffentlicht, sondern nur Kontakte zur hauptamtlichen Verwaltung wiedergegeben. &nbsp; Eine \u00dcbersicht der Bearbeitungsgebiete (Karte) finden Sie HIER[\/vc_column_text][vc_row_inner][vc_column_inner width=&#8220;1\/4&#8243; offset=&#8220;vc_col-lg-3 vc_col-md-offset-0 vc_col-md-6&#8243;][vc_column_text] Bearbeitungsgebiet 1 Gew\u00e4sser- und Landschaftsverband Nordfriesische Inseln, Halligen&hellip;<\/p>\n","protected":false},"author":1,"featured_media":2327,"parent":0,"menu_order":0,"comment_status":"closed","ping_status":"open","template":"page-members.php","meta":{"footnotes":""},"yoast_head":"<!-- This site is optimized with the Yoast SEO plugin v22.8 - https:\/\/yoast.com\/wordpress\/plugins\/seo\/ -->\n<title>Bearbeitungsgebietsverb\u00e4nde - Landesverband der Wasser- und Bodenverb\u00e4nde<\/title>\n<meta name=\"robots\" content=\"index, follow, max-snippet:-1, max-image-preview:large, max-video-preview:-1\" \/>\n<link rel=\"canonical\" href=\"https:\/\/www.lwbv.de\/lwbv\/mitglieder\/bearbeitungsgebietsverbaende\/\" \/>\n<meta property=\"og:locale\" content=\"de_DE\" \/>\n<meta property=\"og:type\" content=\"article\" \/>\n<meta property=\"og:title\" content=\"Bearbeitungsgebietsverb\u00e4nde - Landesverband der Wasser- und Bodenverb\u00e4nde\" \/>\n<meta property=\"og:description\" content=\"[vc_row][vc_column][vc_column_text] Bearbeitungsgebietsverb\u00e4nde Der Landesverband betreut rund 500 Wasser- und Bodenverb\u00e4nde mit \u00fcberwiegend ehrenamtlicher Verwaltung. Deshalb werden hier aus R\u00fccksicht der Privatsph\u00e4re der Verbandsvorsteher nicht alle Adressen ver\u00f6ffentlicht, sondern nur Kontakte zur hauptamtlichen Verwaltung wiedergegeben. &nbsp; Eine \u00dcbersicht der Bearbeitungsgebiete (Karte) finden Sie HIER[\/vc_column_text][vc_row_inner][vc_column_inner width=&#8220;1\/4&#8243; offset=&#8220;vc_col-lg-3 vc_col-md-offset-0 vc_col-md-6&#8243;][vc_column_text] Bearbeitungsgebiet 1 Gew\u00e4sser- und Landschaftsverband Nordfriesische Inseln, Halligen&hellip;\" \/>\n<meta property=\"og:url\" content=\"https:\/\/www.lwbv.de\/lwbv\/mitglieder\/bearbeitungsgebietsverbaende\/\" \/>\n<meta property=\"og:site_name\" content=\"Landesverband der Wasser- und Bodenverb\u00e4nde\" \/>\n<meta property=\"article:modified_time\" content=\"2026-04-07T07:09:57+00:00\" \/>\n<meta property=\"og:image\" content=\"https:\/\/www.lwbv.de\/lwbv\/wp-content\/uploads\/2022\/09\/BGV-in-bunt-aus-dem-AWGV-1.png\" \/>\n\t<meta property=\"og:image:width\" content=\"1484\" \/>\n\t<meta property=\"og:image:height\" content=\"1412\" \/>\n\t<meta property=\"og:image:type\" content=\"image\/png\" \/>\n<meta name=\"twitter:card\" content=\"summary_large_image\" \/>\n<meta name=\"twitter:label1\" content=\"Gesch\u00e4tzte Lesezeit\" \/>\n\t<meta name=\"twitter:data1\" content=\"6\u00a0Minuten\" \/>\n<script type=\"application\/ld+json\" class=\"yoast-schema-graph\">{\"@context\":\"https:\/\/schema.org\",\"@graph\":[{\"@type\":\"WebPage\",\"@id\":\"https:\/\/www.lwbv.de\/lwbv\/mitglieder\/bearbeitungsgebietsverbaende\/\",\"url\":\"https:\/\/www.lwbv.de\/lwbv\/mitglieder\/bearbeitungsgebietsverbaende\/\",\"name\":\"Bearbeitungsgebietsverb\u00e4nde - Landesverband der Wasser- und Bodenverb\u00e4nde\",\"isPartOf\":{\"@id\":\"https:\/\/www.lwbv.de\/lwbv\/#website\"},\"primaryImageOfPage\":{\"@id\":\"https:\/\/www.lwbv.de\/lwbv\/mitglieder\/bearbeitungsgebietsverbaende\/#primaryimage\"},\"image\":{\"@id\":\"https:\/\/www.lwbv.de\/lwbv\/mitglieder\/bearbeitungsgebietsverbaende\/#primaryimage\"},\"thumbnailUrl\":\"https:\/\/www.lwbv.de\/lwbv\/wp-content\/uploads\/2022\/09\/BGV-in-bunt-aus-dem-AWGV-1.png\",\"datePublished\":\"2018-04-12T10:29:14+00:00\",\"dateModified\":\"2026-04-07T07:09:57+00:00\",\"breadcrumb\":{\"@id\":\"https:\/\/www.lwbv.de\/lwbv\/mitglieder\/bearbeitungsgebietsverbaende\/#breadcrumb\"},\"inLanguage\":\"de\",\"potentialAction\":[{\"@type\":\"ReadAction\",\"target\":[\"https:\/\/www.lwbv.de\/lwbv\/mitglieder\/bearbeitungsgebietsverbaende\/\"]}]},{\"@type\":\"ImageObject\",\"inLanguage\":\"de\",\"@id\":\"https:\/\/www.lwbv.de\/lwbv\/mitglieder\/bearbeitungsgebietsverbaende\/#primaryimage\",\"url\":\"https:\/\/www.lwbv.de\/lwbv\/wp-content\/uploads\/2022\/09\/BGV-in-bunt-aus-dem-AWGV-1.png\",\"contentUrl\":\"https:\/\/www.lwbv.de\/lwbv\/wp-content\/uploads\/2022\/09\/BGV-in-bunt-aus-dem-AWGV-1.png\",\"width\":1484,\"height\":1412},{\"@type\":\"BreadcrumbList\",\"@id\":\"https:\/\/www.lwbv.de\/lwbv\/mitglieder\/bearbeitungsgebietsverbaende\/#breadcrumb\",\"itemListElement\":[{\"@type\":\"ListItem\",\"position\":1,\"name\":\"Startseite\",\"item\":\"https:\/\/www.lwbv.de\/lwbv\/\"},{\"@type\":\"ListItem\",\"position\":2,\"name\":\"Bearbeitungsgebietsverb\u00e4nde\"}]},{\"@type\":\"WebSite\",\"@id\":\"https:\/\/www.lwbv.de\/lwbv\/#website\",\"url\":\"https:\/\/www.lwbv.de\/lwbv\/\",\"name\":\"Landesverband der Wasser- und Bodenverb\u00e4nde\",\"description\":\"\",\"potentialAction\":[{\"@type\":\"SearchAction\",\"target\":{\"@type\":\"EntryPoint\",\"urlTemplate\":\"https:\/\/www.lwbv.de\/lwbv\/?s={search_term_string}\"},\"query-input\":\"required name=search_term_string\"}],\"inLanguage\":\"de\"}]}<\/script>\n<!-- \/ Yoast SEO plugin. -->","yoast_head_json":{"title":"Bearbeitungsgebietsverb\u00e4nde - Landesverband der Wasser- und Bodenverb\u00e4nde","robots":{"index":"index","follow":"follow","max-snippet":"max-snippet:-1","max-image-preview":"max-image-preview:large","max-video-preview":"max-video-preview:-1"},"canonical":"https:\/\/www.lwbv.de\/lwbv\/mitglieder\/bearbeitungsgebietsverbaende\/","og_locale":"de_DE","og_type":"article","og_title":"Bearbeitungsgebietsverb\u00e4nde - Landesverband der Wasser- und Bodenverb\u00e4nde","og_description":"[vc_row][vc_column][vc_column_text] Bearbeitungsgebietsverb\u00e4nde Der Landesverband betreut rund 500 Wasser- und Bodenverb\u00e4nde mit \u00fcberwiegend ehrenamtlicher Verwaltung. Deshalb werden hier aus R\u00fccksicht der Privatsph\u00e4re der Verbandsvorsteher nicht alle Adressen ver\u00f6ffentlicht, sondern nur Kontakte zur hauptamtlichen Verwaltung wiedergegeben. &nbsp; Eine \u00dcbersicht der Bearbeitungsgebiete (Karte) finden Sie HIER[\/vc_column_text][vc_row_inner][vc_column_inner width=&#8220;1\/4&#8243; offset=&#8220;vc_col-lg-3 vc_col-md-offset-0 vc_col-md-6&#8243;][vc_column_text] Bearbeitungsgebiet 1 Gew\u00e4sser- und Landschaftsverband Nordfriesische Inseln, Halligen&hellip;","og_url":"https:\/\/www.lwbv.de\/lwbv\/mitglieder\/bearbeitungsgebietsverbaende\/","og_site_name":"Landesverband der Wasser- und Bodenverb\u00e4nde","article_modified_time":"2026-04-07T07:09:57+00:00","og_image":[{"width":1484,"height":1412,"url":"https:\/\/www.lwbv.de\/lwbv\/wp-content\/uploads\/2022\/09\/BGV-in-bunt-aus-dem-AWGV-1.png","type":"image\/png"}],"twitter_card":"summary_large_image","twitter_misc":{"Gesch\u00e4tzte Lesezeit":"6\u00a0Minuten"},"schema":{"@context":"https:\/\/schema.org","@graph":[{"@type":"WebPage","@id":"https:\/\/www.lwbv.de\/lwbv\/mitglieder\/bearbeitungsgebietsverbaende\/","url":"https:\/\/www.lwbv.de\/lwbv\/mitglieder\/bearbeitungsgebietsverbaende\/","name":"Bearbeitungsgebietsverb\u00e4nde - Landesverband der Wasser- und Bodenverb\u00e4nde","isPartOf":{"@id":"https:\/\/www.lwbv.de\/lwbv\/#website"},"primaryImageOfPage":{"@id":"https:\/\/www.lwbv.de\/lwbv\/mitglieder\/bearbeitungsgebietsverbaende\/#primaryimage"},"image":{"@id":"https:\/\/www.lwbv.de\/lwbv\/mitglieder\/bearbeitungsgebietsverbaende\/#primaryimage"},"thumbnailUrl":"https:\/\/www.lwbv.de\/lwbv\/wp-content\/uploads\/2022\/09\/BGV-in-bunt-aus-dem-AWGV-1.png","datePublished":"2018-04-12T10:29:14+00:00","dateModified":"2026-04-07T07:09:57+00:00","breadcrumb":{"@id":"https:\/\/www.lwbv.de\/lwbv\/mitglieder\/bearbeitungsgebietsverbaende\/#breadcrumb"},"inLanguage":"de","potentialAction":[{"@type":"ReadAction","target":["https:\/\/www.lwbv.de\/lwbv\/mitglieder\/bearbeitungsgebietsverbaende\/"]}]},{"@type":"ImageObject","inLanguage":"de","@id":"https:\/\/www.lwbv.de\/lwbv\/mitglieder\/bearbeitungsgebietsverbaende\/#primaryimage","url":"https:\/\/www.lwbv.de\/lwbv\/wp-content\/uploads\/2022\/09\/BGV-in-bunt-aus-dem-AWGV-1.png","contentUrl":"https:\/\/www.lwbv.de\/lwbv\/wp-content\/uploads\/2022\/09\/BGV-in-bunt-aus-dem-AWGV-1.png","width":1484,"height":1412},{"@type":"BreadcrumbList","@id":"https:\/\/www.lwbv.de\/lwbv\/mitglieder\/bearbeitungsgebietsverbaende\/#breadcrumb","itemListElement":[{"@type":"ListItem","position":1,"name":"Startseite","item":"https:\/\/www.lwbv.de\/lwbv\/"},{"@type":"ListItem","position":2,"name":"Bearbeitungsgebietsverb\u00e4nde"}]},{"@type":"WebSite","@id":"https:\/\/www.lwbv.de\/lwbv\/#website","url":"https:\/\/www.lwbv.de\/lwbv\/","name":"Landesverband der Wasser- und Bodenverb\u00e4nde","description":"","potentialAction":[{"@type":"SearchAction","target":{"@type":"EntryPoint","urlTemplate":"https:\/\/www.lwbv.de\/lwbv\/?s={search_term_string}"},"query-input":"required name=search_term_string"}],"inLanguage":"de"}]}},"_links":{"self":[{"href":"https:\/\/www.lwbv.de\/lwbv\/wp-json\/wp\/v2\/pages\/23"}],"collection":[{"href":"https:\/\/www.lwbv.de\/lwbv\/wp-json\/wp\/v2\/pages"}],"about":[{"href":"https:\/\/www.lwbv.de\/lwbv\/wp-json\/wp\/v2\/types\/page"}],"author":[{"embeddable":true,"href":"https:\/\/www.lwbv.de\/lwbv\/wp-json\/wp\/v2\/users\/1"}],"replies":[{"embeddable":true,"href":"https:\/\/www.lwbv.de\/lwbv\/wp-json\/wp\/v2\/comments?post=23"}],"version-history":[{"count":105,"href":"https:\/\/www.lwbv.de\/lwbv\/wp-json\/wp\/v2\/pages\/23\/revisions"}],"predecessor-version":[{"id":3138,"href":"https:\/\/www.lwbv.de\/lwbv\/wp-json\/wp\/v2\/pages\/23\/revisions\/3138"}],"wp:featuredmedia":[{"embeddable":true,"href":"https:\/\/www.lwbv.de\/lwbv\/wp-json\/wp\/v2\/media\/2327"}],"wp:attachment":[{"href":"https:\/\/www.lwbv.de\/lwbv\/wp-json\/wp\/v2\/media?parent=23"}],"curies":[{"name":"wp","href":"https:\/\/api.w.org\/{rel}","templated":true}]}}